{"id":1696,"date":"2022-08-18T22:37:00","date_gmt":"2022-08-18T20:37:00","guid":{"rendered":"https:\/\/sarahluck.com\/?post_type=jetpack-portfolio&#038;p=1696"},"modified":"2024-05-29T14:01:20","modified_gmt":"2024-05-29T12:01:20","slug":"escalier-de-23h23","status":"publish","type":"jetpack-portfolio","link":"https:\/\/sarahluck.com\/index.php\/portfolio\/escalier-de-23h23\/","title":{"rendered":"Escalier de 23h23"},"content":{"rendered":"\n<p class=\"wp-block-paragraph\">Installation. Exposition Centre d&rsquo;art contemporain Pontmain, 2022.<\/p>\n\n\n\n<div class=\"wp-block-jetpack-tiled-gallery aligncenter is-style-rectangular\"><div class=\"tiled-gallery__gallery\"><div class=\"tiled-gallery__row\"><div class=\"tiled-gallery__col\" style=\"flex-basis:20.53214%\"><figure class=\"tiled-gallery__item\"><img decoding=\"async\" data-attachment-id=\"1544\" data-permalink=\"https:\/\/sarahluck.com\/residence-2022-124\/\" data-orig-file=\"https:\/\/sarahluck.com\/wp-content\/uploads\/2022\/08\/Residence-2022-124-scaled.jpg\" data-orig-size=\"1707,2560\" data-comments-opened=\"0\" data-image-meta=\"{&quot;aperture&quot;:&quot;1.8&quot;,&quot;credit&quot;:&quot;GUILLAUME AYER&quot;,&quot;camera&quot;:&quot;Canon EOS R6&quot;,&quot;caption&quot;:&quot;&quot;,&quot;created_timestamp&quot;:&quot;1649937630&quot;,&quot;copyright&quot;:&quot;&quot;,&quot;focal_length&quot;:&quot;50&quot;,&quot;iso&quot;:&quot;100&quot;,&quot;shutter_speed&quot;:&quot;0.0125&quot;,&quot;title&quot;:&quot;&quot;,&quot;orientation&quot;:&quot;0&quot;}\" data-image-title=\"L&amp;rsquo;escalier \u00e0 23h23\" data-image-description=\"\" data-image-caption=\"&lt;p&gt;Vue d&amp;rsquo;exposition Centre d&amp;rsquo;Art contemporain de Pontmain, 2022. \u00a9Photo Guillaume Ayer.&lt;\/p&gt;\n\" data-large-file=\"https:\/\/sarahluck.com\/wp-content\/uploads\/2022\/08\/Residence-2022-124-683x1024.jpg\" data-attachment-id=\"1544\" data-permalink=\"https:\/\/sarahluck.com\/residence-2022-124\/\" data-orig-file=\"https:\/\/sarahluck.com\/wp-content\/uploads\/2022\/08\/Residence-2022-124-scaled.jpg\" data-orig-size=\"1707,2560\" data-comments-opened=\"0\" data-image-meta=\"{&quot;aperture&quot;:&quot;1.8&quot;,&quot;credit&quot;:&quot;GUILLAUME AYER&quot;,&quot;camera&quot;:&quot;Canon EOS R6&quot;,&quot;caption&quot;:&quot;&quot;,&quot;created_timestamp&quot;:&quot;1649937630&quot;,&quot;copyright&quot;:&quot;&quot;,&quot;focal_length&quot;:&quot;50&quot;,&quot;iso&quot;:&quot;100&quot;,&quot;shutter_speed&quot;:&quot;0.0125&quot;,&quot;title&quot;:&quot;&quot;,&quot;orientation&quot;:&quot;0&quot;}\" data-image-title=\"L&amp;rsquo;escalier \u00e0 23h23\" data-image-description=\"\" data-image-caption=\"&lt;p&gt;Vue d&amp;rsquo;exposition Centre d&amp;rsquo;Art contemporain de Pontmain, 2022. \u00a9Photo Guillaume Ayer.&lt;\/p&gt;\n\" data-large-file=\"https:\/\/sarahluck.com\/wp-content\/uploads\/2022\/08\/Residence-2022-124-683x1024.jpg\" role=\"button\" tabindex=\"0\" aria-label=\"Ouvrir l\u2019image 1 sur 12 en plein \u00e9cran\"srcset=\"https:\/\/i0.wp.com\/sarahluck.com\/wp-content\/uploads\/2022\/08\/Residence-2022-124-scaled.jpg?strip=info&#038;w=600&#038;ssl=1 600w,https:\/\/i0.wp.com\/sarahluck.com\/wp-content\/uploads\/2022\/08\/Residence-2022-124-scaled.jpg?strip=info&#038;w=900&#038;ssl=1 900w,https:\/\/i0.wp.com\/sarahluck.com\/wp-content\/uploads\/2022\/08\/Residence-2022-124-scaled.jpg?strip=info&#038;w=1200&#038;ssl=1 1200w,https:\/\/i0.wp.com\/sarahluck.com\/wp-content\/uploads\/2022\/08\/Residence-2022-124-scaled.jpg?strip=info&#038;w=1500&#038;ssl=1 1500w,https:\/\/i0.wp.com\/sarahluck.com\/wp-content\/uploads\/2022\/08\/Residence-2022-124-scaled.jpg?strip=info&#038;w=1707&#038;ssl=1 1707w\" alt=\"\" data-height=\"2560\" data-id=\"1544\" data-link=\"https:\/\/sarahluck.com\/residence-2022-124\/\" data-url=\"https:\/\/sarahluck.com\/wp-content\/uploads\/2022\/08\/Residence-2022-124-scaled.jpg\" data-width=\"1707\" src=\"https:\/\/i0.wp.com\/sarahluck.com\/wp-content\/uploads\/2022\/08\/Residence-2022-124-scaled.jpg?ssl=1\" data-amp-layout=\"responsive\"\/><\/figure><\/div><div class=\"tiled-gallery__col\" style=\"flex-basis:20.53214%\"><figure class=\"tiled-gallery__item\"><img decoding=\"async\" data-attachment-id=\"1546\" data-permalink=\"https:\/\/sarahluck.com\/residence-2022-126\/\" data-orig-file=\"https:\/\/sarahluck.com\/wp-content\/uploads\/2022\/08\/Residence-2022-126-scaled.jpg\" data-orig-size=\"1707,2560\" data-comments-opened=\"0\" data-image-meta=\"{&quot;aperture&quot;:&quot;1.8&quot;,&quot;credit&quot;:&quot;GUILLAUME AYER&quot;,&quot;camera&quot;:&quot;Canon EOS R6&quot;,&quot;caption&quot;:&quot;&quot;,&quot;created_timestamp&quot;:&quot;1649937634&quot;,&quot;copyright&quot;:&quot;&quot;,&quot;focal_length&quot;:&quot;50&quot;,&quot;iso&quot;:&quot;100&quot;,&quot;shutter_speed&quot;:&quot;0.0125&quot;,&quot;title&quot;:&quot;&quot;,&quot;orientation&quot;:&quot;0&quot;}\" data-image-title=\"L&amp;rsquo;escalier \u00e0 23h23\" data-image-description=\"\" data-image-caption=\"&lt;p&gt;Vue d&amp;rsquo;exposition Centre d&amp;rsquo;Art contemporain de Pontmain, 2022. \u00a9Photo Guillaume Ayer.&lt;\/p&gt;\n\" data-large-file=\"https:\/\/sarahluck.com\/wp-content\/uploads\/2022\/08\/Residence-2022-126-683x1024.jpg\" data-attachment-id=\"1546\" data-permalink=\"https:\/\/sarahluck.com\/residence-2022-126\/\" data-orig-file=\"https:\/\/sarahluck.com\/wp-content\/uploads\/2022\/08\/Residence-2022-126-scaled.jpg\" data-orig-size=\"1707,2560\" data-comments-opened=\"0\" data-image-meta=\"{&quot;aperture&quot;:&quot;1.8&quot;,&quot;credit&quot;:&quot;GUILLAUME AYER&quot;,&quot;camera&quot;:&quot;Canon EOS R6&quot;,&quot;caption&quot;:&quot;&quot;,&quot;created_timestamp&quot;:&quot;1649937634&quot;,&quot;copyright&quot;:&quot;&quot;,&quot;focal_length&quot;:&quot;50&quot;,&quot;iso&quot;:&quot;100&quot;,&quot;shutter_speed&quot;:&quot;0.0125&quot;,&quot;title&quot;:&quot;&quot;,&quot;orientation&quot;:&quot;0&quot;}\" data-image-title=\"L&amp;rsquo;escalier \u00e0 23h23\" data-image-description=\"\" data-image-caption=\"&lt;p&gt;Vue d&amp;rsquo;exposition Centre d&amp;rsquo;Art contemporain de Pontmain, 2022. \u00a9Photo Guillaume Ayer.&lt;\/p&gt;\n\" data-large-file=\"https:\/\/sarahluck.com\/wp-content\/uploads\/2022\/08\/Residence-2022-126-683x1024.jpg\" role=\"button\" tabindex=\"0\" aria-label=\"Ouvrir l\u2019image 2 sur 12 en plein \u00e9cran\"srcset=\"https:\/\/i0.wp.com\/sarahluck.com\/wp-content\/uploads\/2022\/08\/Residence-2022-126-scaled.jpg?strip=info&#038;w=600&#038;ssl=1 600w,https:\/\/i0.wp.com\/sarahluck.com\/wp-content\/uploads\/2022\/08\/Residence-2022-126-scaled.jpg?strip=info&#038;w=900&#038;ssl=1 900w,https:\/\/i0.wp.com\/sarahluck.com\/wp-content\/uploads\/2022\/08\/Residence-2022-126-scaled.jpg?strip=info&#038;w=1200&#038;ssl=1 1200w,https:\/\/i0.wp.com\/sarahluck.com\/wp-content\/uploads\/2022\/08\/Residence-2022-126-scaled.jpg?strip=info&#038;w=1500&#038;ssl=1 1500w,https:\/\/i0.wp.com\/sarahluck.com\/wp-content\/uploads\/2022\/08\/Residence-2022-126-scaled.jpg?strip=info&#038;w=1707&#038;ssl=1 1707w\" alt=\"\" data-height=\"2560\" data-id=\"1546\" data-link=\"https:\/\/sarahluck.com\/residence-2022-126\/\" data-url=\"https:\/\/sarahluck.com\/wp-content\/uploads\/2022\/08\/Residence-2022-126-scaled.jpg\" data-width=\"1707\" src=\"https:\/\/i0.wp.com\/sarahluck.com\/wp-content\/uploads\/2022\/08\/Residence-2022-126-scaled.jpg?ssl=1\" data-amp-layout=\"responsive\"\/><\/figure><\/div><div class=\"tiled-gallery__col\" style=\"flex-basis:38.40357%\"><figure class=\"tiled-gallery__item\"><img decoding=\"async\" data-attachment-id=\"1552\" data-permalink=\"https:\/\/sarahluck.com\/residence-2022-132\/\" data-orig-file=\"https:\/\/sarahluck.com\/wp-content\/uploads\/2022\/08\/Residence-2022-132-scaled.jpg\" data-orig-size=\"2560,2048\" data-comments-opened=\"0\" data-image-meta=\"{&quot;aperture&quot;:&quot;1.8&quot;,&quot;credit&quot;:&quot;GUILLAUME AYER&quot;,&quot;camera&quot;:&quot;Canon EOS R6&quot;,&quot;caption&quot;:&quot;&quot;,&quot;created_timestamp&quot;:&quot;1649937660&quot;,&quot;copyright&quot;:&quot;&quot;,&quot;focal_length&quot;:&quot;50&quot;,&quot;iso&quot;:&quot;100&quot;,&quot;shutter_speed&quot;:&quot;0.0125&quot;,&quot;title&quot;:&quot;&quot;,&quot;orientation&quot;:&quot;0&quot;}\" data-image-title=\"L&amp;rsquo;escalier \u00e0 23h23\" data-image-description=\"\" data-image-caption=\"&lt;p&gt;Vue d&amp;rsquo;exposition Centre d&amp;rsquo;Art contemporain de Pontmain, 2022. \u00a9Photo Guillaume Ayer.&lt;\/p&gt;\n\" data-large-file=\"https:\/\/sarahluck.com\/wp-content\/uploads\/2022\/08\/Residence-2022-132-1024x819.jpg\" data-attachment-id=\"1552\" data-permalink=\"https:\/\/sarahluck.com\/residence-2022-132\/\" data-orig-file=\"https:\/\/sarahluck.com\/wp-content\/uploads\/2022\/08\/Residence-2022-132-scaled.jpg\" data-orig-size=\"2560,2048\" data-comments-opened=\"0\" data-image-meta=\"{&quot;aperture&quot;:&quot;1.8&quot;,&quot;credit&quot;:&quot;GUILLAUME AYER&quot;,&quot;camera&quot;:&quot;Canon EOS R6&quot;,&quot;caption&quot;:&quot;&quot;,&quot;created_timestamp&quot;:&quot;1649937660&quot;,&quot;copyright&quot;:&quot;&quot;,&quot;focal_length&quot;:&quot;50&quot;,&quot;iso&quot;:&quot;100&quot;,&quot;shutter_speed&quot;:&quot;0.0125&quot;,&quot;title&quot;:&quot;&quot;,&quot;orientation&quot;:&quot;0&quot;}\" data-image-title=\"L&amp;rsquo;escalier \u00e0 23h23\" data-image-description=\"\" data-image-caption=\"&lt;p&gt;Vue d&amp;rsquo;exposition Centre d&amp;rsquo;Art contemporain de Pontmain, 2022. \u00a9Photo Guillaume Ayer.&lt;\/p&gt;\n\" data-large-file=\"https:\/\/sarahluck.com\/wp-content\/uploads\/2022\/08\/Residence-2022-132-1024x819.jpg\" role=\"button\" tabindex=\"0\" aria-label=\"Ouvrir l\u2019image 3 sur 12 en plein \u00e9cran\"srcset=\"https:\/\/i0.wp.com\/sarahluck.com\/wp-content\/uploads\/2022\/08\/Residence-2022-132-scaled.jpg?strip=info&#038;w=600&#038;ssl=1 600w,https:\/\/i0.wp.com\/sarahluck.com\/wp-content\/uploads\/2022\/08\/Residence-2022-132-scaled.jpg?strip=info&#038;w=900&#038;ssl=1 900w,https:\/\/i0.wp.com\/sarahluck.com\/wp-content\/uploads\/2022\/08\/Residence-2022-132-scaled.jpg?strip=info&#038;w=1200&#038;ssl=1 1200w,https:\/\/i0.wp.com\/sarahluck.com\/wp-content\/uploads\/2022\/08\/Residence-2022-132-scaled.jpg?strip=info&#038;w=1500&#038;ssl=1 1500w,https:\/\/i0.wp.com\/sarahluck.com\/wp-content\/uploads\/2022\/08\/Residence-2022-132-scaled.jpg?strip=info&#038;w=1800&#038;ssl=1 1800w,https:\/\/i0.wp.com\/sarahluck.com\/wp-content\/uploads\/2022\/08\/Residence-2022-132-scaled.jpg?strip=info&#038;w=2000&#038;ssl=1 2000w\" alt=\"\" data-height=\"2048\" data-id=\"1552\" data-link=\"https:\/\/sarahluck.com\/residence-2022-132\/\" data-url=\"https:\/\/sarahluck.com\/wp-content\/uploads\/2022\/08\/Residence-2022-132-scaled.jpg\" data-width=\"2560\" src=\"https:\/\/i0.wp.com\/sarahluck.com\/wp-content\/uploads\/2022\/08\/Residence-2022-132-scaled.jpg?ssl=1\" data-amp-layout=\"responsive\"\/><\/figure><\/div><div class=\"tiled-gallery__col\" style=\"flex-basis:20.53214%\"><figure class=\"tiled-gallery__item\"><img decoding=\"async\" data-attachment-id=\"1549\" data-permalink=\"https:\/\/sarahluck.com\/residence-2022-129\/\" data-orig-file=\"https:\/\/sarahluck.com\/wp-content\/uploads\/2022\/08\/Residence-2022-129-scaled.jpg\" data-orig-size=\"1707,2560\" data-comments-opened=\"0\" data-image-meta=\"{&quot;aperture&quot;:&quot;1.8&quot;,&quot;credit&quot;:&quot;GUILLAUME AYER&quot;,&quot;camera&quot;:&quot;Canon EOS R6&quot;,&quot;caption&quot;:&quot;&quot;,&quot;created_timestamp&quot;:&quot;1649937644&quot;,&quot;copyright&quot;:&quot;&quot;,&quot;focal_length&quot;:&quot;50&quot;,&quot;iso&quot;:&quot;100&quot;,&quot;shutter_speed&quot;:&quot;0.0125&quot;,&quot;title&quot;:&quot;&quot;,&quot;orientation&quot;:&quot;0&quot;}\" data-image-title=\"R\u00e9sidence 2022-129\" data-image-description=\"\" data-image-caption=\"\" data-large-file=\"https:\/\/sarahluck.com\/wp-content\/uploads\/2022\/08\/Residence-2022-129-683x1024.jpg\" data-attachment-id=\"1549\" data-permalink=\"https:\/\/sarahluck.com\/residence-2022-129\/\" data-orig-file=\"https:\/\/sarahluck.com\/wp-content\/uploads\/2022\/08\/Residence-2022-129-scaled.jpg\" data-orig-size=\"1707,2560\" data-comments-opened=\"0\" data-image-meta=\"{&quot;aperture&quot;:&quot;1.8&quot;,&quot;credit&quot;:&quot;GUILLAUME AYER&quot;,&quot;camera&quot;:&quot;Canon EOS R6&quot;,&quot;caption&quot;:&quot;&quot;,&quot;created_timestamp&quot;:&quot;1649937644&quot;,&quot;copyright&quot;:&quot;&quot;,&quot;focal_length&quot;:&quot;50&quot;,&quot;iso&quot;:&quot;100&quot;,&quot;shutter_speed&quot;:&quot;0.0125&quot;,&quot;title&quot;:&quot;&quot;,&quot;orientation&quot;:&quot;0&quot;}\" data-image-title=\"R\u00e9sidence 2022-129\" data-image-description=\"\" data-image-caption=\"\" data-large-file=\"https:\/\/sarahluck.com\/wp-content\/uploads\/2022\/08\/Residence-2022-129-683x1024.jpg\" role=\"button\" tabindex=\"0\" aria-label=\"Ouvrir l\u2019image 4 sur 12 en plein \u00e9cran\"srcset=\"https:\/\/i0.wp.com\/sarahluck.com\/wp-content\/uploads\/2022\/08\/Residence-2022-129-scaled.jpg?strip=info&#038;w=600&#038;ssl=1 600w,https:\/\/i0.wp.com\/sarahluck.com\/wp-content\/uploads\/2022\/08\/Residence-2022-129-scaled.jpg?strip=info&#038;w=900&#038;ssl=1 900w,https:\/\/i0.wp.com\/sarahluck.com\/wp-content\/uploads\/2022\/08\/Residence-2022-129-scaled.jpg?strip=info&#038;w=1200&#038;ssl=1 1200w,https:\/\/i0.wp.com\/sarahluck.com\/wp-content\/uploads\/2022\/08\/Residence-2022-129-scaled.jpg?strip=info&#038;w=1500&#038;ssl=1 1500w,https:\/\/i0.wp.com\/sarahluck.com\/wp-content\/uploads\/2022\/08\/Residence-2022-129-scaled.jpg?strip=info&#038;w=1707&#038;ssl=1 1707w\" alt=\"\" data-height=\"2560\" data-id=\"1549\" data-link=\"https:\/\/sarahluck.com\/residence-2022-129\/\" data-url=\"https:\/\/sarahluck.com\/wp-content\/uploads\/2022\/08\/Residence-2022-129-scaled.jpg\" data-width=\"1707\" src=\"https:\/\/i0.wp.com\/sarahluck.com\/wp-content\/uploads\/2022\/08\/Residence-2022-129-scaled.jpg?ssl=1\" data-amp-layout=\"responsive\"\/><\/figure><\/div><\/div><div class=\"tiled-gallery__row\"><div class=\"tiled-gallery__col\" style=\"flex-basis:33.33333%\"><figure class=\"tiled-gallery__item\"><img decoding=\"async\" data-attachment-id=\"1547\" data-permalink=\"https:\/\/sarahluck.com\/residence-2022-127\/\" data-orig-file=\"https:\/\/sarahluck.com\/wp-content\/uploads\/2022\/08\/Residence-2022-127-scaled.jpg\" data-orig-size=\"1707,2560\" data-comments-opened=\"0\" data-image-meta=\"{&quot;aperture&quot;:&quot;1.8&quot;,&quot;credit&quot;:&quot;GUILLAUME AYER&quot;,&quot;camera&quot;:&quot;Canon EOS R6&quot;,&quot;caption&quot;:&quot;&quot;,&quot;created_timestamp&quot;:&quot;1649937641&quot;,&quot;copyright&quot;:&quot;&quot;,&quot;focal_length&quot;:&quot;50&quot;,&quot;iso&quot;:&quot;100&quot;,&quot;shutter_speed&quot;:&quot;0.0125&quot;,&quot;title&quot;:&quot;&quot;,&quot;orientation&quot;:&quot;0&quot;}\" data-image-title=\"L&amp;rsquo;escalier \u00e0 23h23\" data-image-description=\"\" data-image-caption=\"&lt;p&gt;Vue d&amp;rsquo;exposition Centre d&amp;rsquo;Art contemporain de Pontmain, 2022. \u00a9Photo Guillaume Ayer.&lt;\/p&gt;\n\" data-large-file=\"https:\/\/sarahluck.com\/wp-content\/uploads\/2022\/08\/Residence-2022-127-683x1024.jpg\" data-attachment-id=\"1547\" data-permalink=\"https:\/\/sarahluck.com\/residence-2022-127\/\" data-orig-file=\"https:\/\/sarahluck.com\/wp-content\/uploads\/2022\/08\/Residence-2022-127-scaled.jpg\" data-orig-size=\"1707,2560\" data-comments-opened=\"0\" data-image-meta=\"{&quot;aperture&quot;:&quot;1.8&quot;,&quot;credit&quot;:&quot;GUILLAUME AYER&quot;,&quot;camera&quot;:&quot;Canon EOS R6&quot;,&quot;caption&quot;:&quot;&quot;,&quot;created_timestamp&quot;:&quot;1649937641&quot;,&quot;copyright&quot;:&quot;&quot;,&quot;focal_length&quot;:&quot;50&quot;,&quot;iso&quot;:&quot;100&quot;,&quot;shutter_speed&quot;:&quot;0.0125&quot;,&quot;title&quot;:&quot;&quot;,&quot;orientation&quot;:&quot;0&quot;}\" data-image-title=\"L&amp;rsquo;escalier \u00e0 23h23\" data-image-description=\"\" data-image-caption=\"&lt;p&gt;Vue d&amp;rsquo;exposition Centre d&amp;rsquo;Art contemporain de Pontmain, 2022. \u00a9Photo Guillaume Ayer.&lt;\/p&gt;\n\" data-large-file=\"https:\/\/sarahluck.com\/wp-content\/uploads\/2022\/08\/Residence-2022-127-683x1024.jpg\" role=\"button\" tabindex=\"0\" aria-label=\"Ouvrir l\u2019image 5 sur 12 en plein \u00e9cran\"srcset=\"https:\/\/i1.wp.com\/sarahluck.com\/wp-content\/uploads\/2022\/08\/Residence-2022-127-scaled.jpg?strip=info&#038;w=600&#038;ssl=1 600w,https:\/\/i1.wp.com\/sarahluck.com\/wp-content\/uploads\/2022\/08\/Residence-2022-127-scaled.jpg?strip=info&#038;w=900&#038;ssl=1 900w,https:\/\/i1.wp.com\/sarahluck.com\/wp-content\/uploads\/2022\/08\/Residence-2022-127-scaled.jpg?strip=info&#038;w=1200&#038;ssl=1 1200w,https:\/\/i1.wp.com\/sarahluck.com\/wp-content\/uploads\/2022\/08\/Residence-2022-127-scaled.jpg?strip=info&#038;w=1500&#038;ssl=1 1500w,https:\/\/i1.wp.com\/sarahluck.com\/wp-content\/uploads\/2022\/08\/Residence-2022-127-scaled.jpg?strip=info&#038;w=1707&#038;ssl=1 1707w\" alt=\"\" data-height=\"2560\" data-id=\"1547\" data-link=\"https:\/\/sarahluck.com\/residence-2022-127\/\" data-url=\"https:\/\/sarahluck.com\/wp-content\/uploads\/2022\/08\/Residence-2022-127-scaled.jpg\" data-width=\"1707\" src=\"https:\/\/i1.wp.com\/sarahluck.com\/wp-content\/uploads\/2022\/08\/Residence-2022-127-scaled.jpg?ssl=1\" data-amp-layout=\"responsive\"\/><\/figure><\/div><div class=\"tiled-gallery__col\" style=\"flex-basis:33.33333%\"><figure class=\"tiled-gallery__item\"><img decoding=\"async\" data-attachment-id=\"1557\" data-permalink=\"https:\/\/sarahluck.com\/residence-2022-137\/\" data-orig-file=\"https:\/\/sarahluck.com\/wp-content\/uploads\/2022\/08\/Residence-2022-137-scaled.jpg\" data-orig-size=\"1707,2560\" data-comments-opened=\"0\" data-image-meta=\"{&quot;aperture&quot;:&quot;2.5&quot;,&quot;credit&quot;:&quot;GUILLAUME AYER&quot;,&quot;camera&quot;:&quot;Canon EOS R6&quot;,&quot;caption&quot;:&quot;&quot;,&quot;created_timestamp&quot;:&quot;1649937728&quot;,&quot;copyright&quot;:&quot;&quot;,&quot;focal_length&quot;:&quot;50&quot;,&quot;iso&quot;:&quot;400&quot;,&quot;shutter_speed&quot;:&quot;0.005&quot;,&quot;title&quot;:&quot;&quot;,&quot;orientation&quot;:&quot;0&quot;}\" data-image-title=\"Plongeon IV\" data-image-description=\"\" data-image-caption=\"&lt;p&gt;Vue d&amp;rsquo;exposition Centre d&amp;rsquo;Art contemporain de Pontmain, 2022. \u00a9Photo Guillaume Ayer.&lt;\/p&gt;\n\" data-large-file=\"https:\/\/sarahluck.com\/wp-content\/uploads\/2022\/08\/Residence-2022-137-683x1024.jpg\" data-attachment-id=\"1557\" data-permalink=\"https:\/\/sarahluck.com\/residence-2022-137\/\" data-orig-file=\"https:\/\/sarahluck.com\/wp-content\/uploads\/2022\/08\/Residence-2022-137-scaled.jpg\" data-orig-size=\"1707,2560\" data-comments-opened=\"0\" data-image-meta=\"{&quot;aperture&quot;:&quot;2.5&quot;,&quot;credit&quot;:&quot;GUILLAUME AYER&quot;,&quot;camera&quot;:&quot;Canon EOS R6&quot;,&quot;caption&quot;:&quot;&quot;,&quot;created_timestamp&quot;:&quot;1649937728&quot;,&quot;copyright&quot;:&quot;&quot;,&quot;focal_length&quot;:&quot;50&quot;,&quot;iso&quot;:&quot;400&quot;,&quot;shutter_speed&quot;:&quot;0.005&quot;,&quot;title&quot;:&quot;&quot;,&quot;orientation&quot;:&quot;0&quot;}\" data-image-title=\"Plongeon IV\" data-image-description=\"\" data-image-caption=\"&lt;p&gt;Vue d&amp;rsquo;exposition Centre d&amp;rsquo;Art contemporain de Pontmain, 2022. \u00a9Photo Guillaume Ayer.&lt;\/p&gt;\n\" data-large-file=\"https:\/\/sarahluck.com\/wp-content\/uploads\/2022\/08\/Residence-2022-137-683x1024.jpg\" role=\"button\" tabindex=\"0\" aria-label=\"Ouvrir l\u2019image 6 sur 12 en plein \u00e9cran\"srcset=\"https:\/\/i2.wp.com\/sarahluck.com\/wp-content\/uploads\/2022\/08\/Residence-2022-137-scaled.jpg?strip=info&#038;w=600&#038;ssl=1 600w,https:\/\/i2.wp.com\/sarahluck.com\/wp-content\/uploads\/2022\/08\/Residence-2022-137-scaled.jpg?strip=info&#038;w=900&#038;ssl=1 900w,https:\/\/i2.wp.com\/sarahluck.com\/wp-content\/uploads\/2022\/08\/Residence-2022-137-scaled.jpg?strip=info&#038;w=1200&#038;ssl=1 1200w,https:\/\/i2.wp.com\/sarahluck.com\/wp-content\/uploads\/2022\/08\/Residence-2022-137-scaled.jpg?strip=info&#038;w=1500&#038;ssl=1 1500w,https:\/\/i2.wp.com\/sarahluck.com\/wp-content\/uploads\/2022\/08\/Residence-2022-137-scaled.jpg?strip=info&#038;w=1707&#038;ssl=1 1707w\" alt=\"\" data-height=\"2560\" data-id=\"1557\" data-link=\"https:\/\/sarahluck.com\/residence-2022-137\/\" data-url=\"https:\/\/sarahluck.com\/wp-content\/uploads\/2022\/08\/Residence-2022-137-scaled.jpg\" data-width=\"1707\" src=\"https:\/\/i2.wp.com\/sarahluck.com\/wp-content\/uploads\/2022\/08\/Residence-2022-137-scaled.jpg?ssl=1\" data-amp-layout=\"responsive\"\/><\/figure><\/div><div class=\"tiled-gallery__col\" style=\"flex-basis:33.33333%\"><figure class=\"tiled-gallery__item\"><img decoding=\"async\" data-attachment-id=\"1555\" data-permalink=\"https:\/\/sarahluck.com\/residence-2022-135\/\" data-orig-file=\"https:\/\/sarahluck.com\/wp-content\/uploads\/2022\/08\/Residence-2022-135-scaled.jpg\" data-orig-size=\"1707,2560\" data-comments-opened=\"0\" data-image-meta=\"{&quot;aperture&quot;:&quot;2.5&quot;,&quot;credit&quot;:&quot;GUILLAUME AYER&quot;,&quot;camera&quot;:&quot;Canon EOS R6&quot;,&quot;caption&quot;:&quot;&quot;,&quot;created_timestamp&quot;:&quot;1649937712&quot;,&quot;copyright&quot;:&quot;&quot;,&quot;focal_length&quot;:&quot;50&quot;,&quot;iso&quot;:&quot;400&quot;,&quot;shutter_speed&quot;:&quot;0.008&quot;,&quot;title&quot;:&quot;&quot;,&quot;orientation&quot;:&quot;0&quot;}\" data-image-title=\"L&amp;rsquo;escalier \u00e0 23h23\" data-image-description=\"\" data-image-caption=\"&lt;p&gt;Vue d&amp;rsquo;exposition Centre d&amp;rsquo;Art contemporain de Pontmain, 2022. \u00a9Photo Guillaume Ayer.&lt;\/p&gt;\n\" data-large-file=\"https:\/\/sarahluck.com\/wp-content\/uploads\/2022\/08\/Residence-2022-135-683x1024.jpg\" data-attachment-id=\"1555\" data-permalink=\"https:\/\/sarahluck.com\/residence-2022-135\/\" data-orig-file=\"https:\/\/sarahluck.com\/wp-content\/uploads\/2022\/08\/Residence-2022-135-scaled.jpg\" data-orig-size=\"1707,2560\" data-comments-opened=\"0\" data-image-meta=\"{&quot;aperture&quot;:&quot;2.5&quot;,&quot;credit&quot;:&quot;GUILLAUME AYER&quot;,&quot;camera&quot;:&quot;Canon EOS R6&quot;,&quot;caption&quot;:&quot;&quot;,&quot;created_timestamp&quot;:&quot;1649937712&quot;,&quot;copyright&quot;:&quot;&quot;,&quot;focal_length&quot;:&quot;50&quot;,&quot;iso&quot;:&quot;400&quot;,&quot;shutter_speed&quot;:&quot;0.008&quot;,&quot;title&quot;:&quot;&quot;,&quot;orientation&quot;:&quot;0&quot;}\" data-image-title=\"L&amp;rsquo;escalier \u00e0 23h23\" data-image-description=\"\" data-image-caption=\"&lt;p&gt;Vue d&amp;rsquo;exposition Centre d&amp;rsquo;Art contemporain de Pontmain, 2022. \u00a9Photo Guillaume Ayer.&lt;\/p&gt;\n\" data-large-file=\"https:\/\/sarahluck.com\/wp-content\/uploads\/2022\/08\/Residence-2022-135-683x1024.jpg\" role=\"button\" tabindex=\"0\" aria-label=\"Ouvrir l\u2019image 7 sur 12 en plein \u00e9cran\"srcset=\"https:\/\/i0.wp.com\/sarahluck.com\/wp-content\/uploads\/2022\/08\/Residence-2022-135-scaled.jpg?strip=info&#038;w=600&#038;ssl=1 600w,https:\/\/i0.wp.com\/sarahluck.com\/wp-content\/uploads\/2022\/08\/Residence-2022-135-scaled.jpg?strip=info&#038;w=900&#038;ssl=1 900w,https:\/\/i0.wp.com\/sarahluck.com\/wp-content\/uploads\/2022\/08\/Residence-2022-135-scaled.jpg?strip=info&#038;w=1200&#038;ssl=1 1200w,https:\/\/i0.wp.com\/sarahluck.com\/wp-content\/uploads\/2022\/08\/Residence-2022-135-scaled.jpg?strip=info&#038;w=1500&#038;ssl=1 1500w,https:\/\/i0.wp.com\/sarahluck.com\/wp-content\/uploads\/2022\/08\/Residence-2022-135-scaled.jpg?strip=info&#038;w=1707&#038;ssl=1 1707w\" alt=\"\" data-height=\"2560\" data-id=\"1555\" data-link=\"https:\/\/sarahluck.com\/residence-2022-135\/\" data-url=\"https:\/\/sarahluck.com\/wp-content\/uploads\/2022\/08\/Residence-2022-135-scaled.jpg\" data-width=\"1707\" src=\"https:\/\/i0.wp.com\/sarahluck.com\/wp-content\/uploads\/2022\/08\/Residence-2022-135-scaled.jpg?ssl=1\" data-amp-layout=\"responsive\"\/><\/figure><\/div><\/div><div class=\"tiled-gallery__row\"><div class=\"tiled-gallery__col\" style=\"flex-basis:54.53257%\"><figure class=\"tiled-gallery__item\"><img decoding=\"async\" data-attachment-id=\"1554\" data-permalink=\"https:\/\/sarahluck.com\/residence-2022-134\/\" data-orig-file=\"https:\/\/sarahluck.com\/wp-content\/uploads\/2022\/08\/Residence-2022-134-scaled.jpg\" data-orig-size=\"2048,2560\" data-comments-opened=\"0\" data-image-meta=\"{&quot;aperture&quot;:&quot;2.5&quot;,&quot;credit&quot;:&quot;GUILLAUME AYER&quot;,&quot;camera&quot;:&quot;Canon EOS R6&quot;,&quot;caption&quot;:&quot;&quot;,&quot;created_timestamp&quot;:&quot;1649937707&quot;,&quot;copyright&quot;:&quot;&quot;,&quot;focal_length&quot;:&quot;50&quot;,&quot;iso&quot;:&quot;400&quot;,&quot;shutter_speed&quot;:&quot;0.008&quot;,&quot;title&quot;:&quot;&quot;,&quot;orientation&quot;:&quot;0&quot;}\" data-image-title=\"L&amp;rsquo;escalier \u00e0 23h23\" data-image-description=\"\" data-image-caption=\"&lt;p&gt;Vue d&amp;rsquo;exposition Centre d&amp;rsquo;Art contemporain de Pontmain, 2022. \u00a9Photo Guillaume Ayer.&lt;\/p&gt;\n\" data-large-file=\"https:\/\/sarahluck.com\/wp-content\/uploads\/2022\/08\/Residence-2022-134-819x1024.jpg\" data-attachment-id=\"1554\" data-permalink=\"https:\/\/sarahluck.com\/residence-2022-134\/\" data-orig-file=\"https:\/\/sarahluck.com\/wp-content\/uploads\/2022\/08\/Residence-2022-134-scaled.jpg\" data-orig-size=\"2048,2560\" data-comments-opened=\"0\" data-image-meta=\"{&quot;aperture&quot;:&quot;2.5&quot;,&quot;credit&quot;:&quot;GUILLAUME AYER&quot;,&quot;camera&quot;:&quot;Canon EOS R6&quot;,&quot;caption&quot;:&quot;&quot;,&quot;created_timestamp&quot;:&quot;1649937707&quot;,&quot;copyright&quot;:&quot;&quot;,&quot;focal_length&quot;:&quot;50&quot;,&quot;iso&quot;:&quot;400&quot;,&quot;shutter_speed&quot;:&quot;0.008&quot;,&quot;title&quot;:&quot;&quot;,&quot;orientation&quot;:&quot;0&quot;}\" data-image-title=\"L&amp;rsquo;escalier \u00e0 23h23\" data-image-description=\"\" data-image-caption=\"&lt;p&gt;Vue d&amp;rsquo;exposition Centre d&amp;rsquo;Art contemporain de Pontmain, 2022. \u00a9Photo Guillaume Ayer.&lt;\/p&gt;\n\" data-large-file=\"https:\/\/sarahluck.com\/wp-content\/uploads\/2022\/08\/Residence-2022-134-819x1024.jpg\" role=\"button\" tabindex=\"0\" aria-label=\"Ouvrir l\u2019image 8 sur 12 en plein \u00e9cran\"srcset=\"https:\/\/i2.wp.com\/sarahluck.com\/wp-content\/uploads\/2022\/08\/Residence-2022-134-scaled.jpg?strip=info&#038;w=600&#038;ssl=1 600w,https:\/\/i2.wp.com\/sarahluck.com\/wp-content\/uploads\/2022\/08\/Residence-2022-134-scaled.jpg?strip=info&#038;w=900&#038;ssl=1 900w,https:\/\/i2.wp.com\/sarahluck.com\/wp-content\/uploads\/2022\/08\/Residence-2022-134-scaled.jpg?strip=info&#038;w=1200&#038;ssl=1 1200w,https:\/\/i2.wp.com\/sarahluck.com\/wp-content\/uploads\/2022\/08\/Residence-2022-134-scaled.jpg?strip=info&#038;w=1500&#038;ssl=1 1500w,https:\/\/i2.wp.com\/sarahluck.com\/wp-content\/uploads\/2022\/08\/Residence-2022-134-scaled.jpg?strip=info&#038;w=1800&#038;ssl=1 1800w,https:\/\/i2.wp.com\/sarahluck.com\/wp-content\/uploads\/2022\/08\/Residence-2022-134-scaled.jpg?strip=info&#038;w=2000&#038;ssl=1 2000w\" alt=\"\" data-height=\"2560\" data-id=\"1554\" data-link=\"https:\/\/sarahluck.com\/residence-2022-134\/\" data-url=\"https:\/\/sarahluck.com\/wp-content\/uploads\/2022\/08\/Residence-2022-134-scaled.jpg\" data-width=\"2048\" src=\"https:\/\/i2.wp.com\/sarahluck.com\/wp-content\/uploads\/2022\/08\/Residence-2022-134-scaled.jpg?ssl=1\" data-amp-layout=\"responsive\"\/><\/figure><\/div><div class=\"tiled-gallery__col\" style=\"flex-basis:45.46743%\"><figure class=\"tiled-gallery__item\"><img decoding=\"async\" data-attachment-id=\"1553\" data-permalink=\"https:\/\/sarahluck.com\/residence-2022-133\/\" data-orig-file=\"https:\/\/sarahluck.com\/wp-content\/uploads\/2022\/08\/Residence-2022-133-scaled.jpg\" data-orig-size=\"1707,2560\" data-comments-opened=\"0\" data-image-meta=\"{&quot;aperture&quot;:&quot;1.8&quot;,&quot;credit&quot;:&quot;GUILLAUME AYER&quot;,&quot;camera&quot;:&quot;Canon EOS R6&quot;,&quot;caption&quot;:&quot;&quot;,&quot;created_timestamp&quot;:&quot;1649937667&quot;,&quot;copyright&quot;:&quot;&quot;,&quot;focal_length&quot;:&quot;50&quot;,&quot;iso&quot;:&quot;100&quot;,&quot;shutter_speed&quot;:&quot;0.0125&quot;,&quot;title&quot;:&quot;&quot;,&quot;orientation&quot;:&quot;0&quot;}\" data-image-title=\"L&amp;rsquo;escalier \u00e0 23h23\" data-image-description=\"\" data-image-caption=\"&lt;p&gt;Vue d&amp;rsquo;exposition Centre d&amp;rsquo;Art contemporain de Pontmain, 2022. \u00a9Photo Guillaume Ayer.&lt;\/p&gt;\n\" data-large-file=\"https:\/\/sarahluck.com\/wp-content\/uploads\/2022\/08\/Residence-2022-133-683x1024.jpg\" data-attachment-id=\"1553\" data-permalink=\"https:\/\/sarahluck.com\/residence-2022-133\/\" data-orig-file=\"https:\/\/sarahluck.com\/wp-content\/uploads\/2022\/08\/Residence-2022-133-scaled.jpg\" data-orig-size=\"1707,2560\" data-comments-opened=\"0\" data-image-meta=\"{&quot;aperture&quot;:&quot;1.8&quot;,&quot;credit&quot;:&quot;GUILLAUME AYER&quot;,&quot;camera&quot;:&quot;Canon EOS R6&quot;,&quot;caption&quot;:&quot;&quot;,&quot;created_timestamp&quot;:&quot;1649937667&quot;,&quot;copyright&quot;:&quot;&quot;,&quot;focal_length&quot;:&quot;50&quot;,&quot;iso&quot;:&quot;100&quot;,&quot;shutter_speed&quot;:&quot;0.0125&quot;,&quot;title&quot;:&quot;&quot;,&quot;orientation&quot;:&quot;0&quot;}\" data-image-title=\"L&amp;rsquo;escalier \u00e0 23h23\" data-image-description=\"\" data-image-caption=\"&lt;p&gt;Vue d&amp;rsquo;exposition Centre d&amp;rsquo;Art contemporain de Pontmain, 2022. \u00a9Photo Guillaume Ayer.&lt;\/p&gt;\n\" data-large-file=\"https:\/\/sarahluck.com\/wp-content\/uploads\/2022\/08\/Residence-2022-133-683x1024.jpg\" role=\"button\" tabindex=\"0\" aria-label=\"Ouvrir l\u2019image 9 sur 12 en plein \u00e9cran\"srcset=\"https:\/\/i0.wp.com\/sarahluck.com\/wp-content\/uploads\/2022\/08\/Residence-2022-133-scaled.jpg?strip=info&#038;w=600&#038;ssl=1 600w,https:\/\/i0.wp.com\/sarahluck.com\/wp-content\/uploads\/2022\/08\/Residence-2022-133-scaled.jpg?strip=info&#038;w=900&#038;ssl=1 900w,https:\/\/i0.wp.com\/sarahluck.com\/wp-content\/uploads\/2022\/08\/Residence-2022-133-scaled.jpg?strip=info&#038;w=1200&#038;ssl=1 1200w,https:\/\/i0.wp.com\/sarahluck.com\/wp-content\/uploads\/2022\/08\/Residence-2022-133-scaled.jpg?strip=info&#038;w=1500&#038;ssl=1 1500w,https:\/\/i0.wp.com\/sarahluck.com\/wp-content\/uploads\/2022\/08\/Residence-2022-133-scaled.jpg?strip=info&#038;w=1707&#038;ssl=1 1707w\" alt=\"\" data-height=\"2560\" data-id=\"1553\" data-link=\"https:\/\/sarahluck.com\/residence-2022-133\/\" data-url=\"https:\/\/sarahluck.com\/wp-content\/uploads\/2022\/08\/Residence-2022-133-scaled.jpg\" data-width=\"1707\" src=\"https:\/\/i0.wp.com\/sarahluck.com\/wp-content\/uploads\/2022\/08\/Residence-2022-133-scaled.jpg?ssl=1\" data-amp-layout=\"responsive\"\/><\/figure><\/div><\/div><div class=\"tiled-gallery__row\"><div class=\"tiled-gallery__col\" style=\"flex-basis:33.12684%\"><figure class=\"tiled-gallery__item\"><img decoding=\"async\" data-attachment-id=\"1527\" data-permalink=\"https:\/\/sarahluck.com\/residence-2022-99\/\" data-orig-file=\"https:\/\/sarahluck.com\/wp-content\/uploads\/2022\/08\/Residence-2022-99-scaled.jpg\" data-orig-size=\"1707,2560\" data-comments-opened=\"0\" data-image-meta=\"{&quot;aperture&quot;:&quot;14&quot;,&quot;credit&quot;:&quot;GUILLAUME AYER&quot;,&quot;camera&quot;:&quot;Canon EOS R6&quot;,&quot;caption&quot;:&quot;&quot;,&quot;created_timestamp&quot;:&quot;1649936713&quot;,&quot;copyright&quot;:&quot;&quot;,&quot;focal_length&quot;:&quot;45&quot;,&quot;iso&quot;:&quot;100&quot;,&quot;shutter_speed&quot;:&quot;1&quot;,&quot;title&quot;:&quot;&quot;,&quot;orientation&quot;:&quot;0&quot;}\" data-image-title=\"R\u00e9sidence 2022-99\" data-image-description=\"\" data-image-caption=\"&lt;p&gt;Vue d&amp;rsquo;exposition Centre d&amp;rsquo;Art contemporain de Pontmain, 2022. \u00a9Photo Guillaume Ayer.&lt;\/p&gt;\n\" data-large-file=\"https:\/\/sarahluck.com\/wp-content\/uploads\/2022\/08\/Residence-2022-99-683x1024.jpg\" data-attachment-id=\"1527\" data-permalink=\"https:\/\/sarahluck.com\/residence-2022-99\/\" data-orig-file=\"https:\/\/sarahluck.com\/wp-content\/uploads\/2022\/08\/Residence-2022-99-scaled.jpg\" data-orig-size=\"1707,2560\" data-comments-opened=\"0\" data-image-meta=\"{&quot;aperture&quot;:&quot;14&quot;,&quot;credit&quot;:&quot;GUILLAUME AYER&quot;,&quot;camera&quot;:&quot;Canon EOS R6&quot;,&quot;caption&quot;:&quot;&quot;,&quot;created_timestamp&quot;:&quot;1649936713&quot;,&quot;copyright&quot;:&quot;&quot;,&quot;focal_length&quot;:&quot;45&quot;,&quot;iso&quot;:&quot;100&quot;,&quot;shutter_speed&quot;:&quot;1&quot;,&quot;title&quot;:&quot;&quot;,&quot;orientation&quot;:&quot;0&quot;}\" data-image-title=\"R\u00e9sidence 2022-99\" data-image-description=\"\" data-image-caption=\"&lt;p&gt;Vue d&amp;rsquo;exposition Centre d&amp;rsquo;Art contemporain de Pontmain, 2022. \u00a9Photo Guillaume Ayer.&lt;\/p&gt;\n\" data-large-file=\"https:\/\/sarahluck.com\/wp-content\/uploads\/2022\/08\/Residence-2022-99-683x1024.jpg\" role=\"button\" tabindex=\"0\" aria-label=\"Ouvrir l\u2019image 10 sur 12 en plein \u00e9cran\"srcset=\"https:\/\/i2.wp.com\/sarahluck.com\/wp-content\/uploads\/2022\/08\/Residence-2022-99-scaled.jpg?strip=info&#038;w=600&#038;ssl=1 600w,https:\/\/i2.wp.com\/sarahluck.com\/wp-content\/uploads\/2022\/08\/Residence-2022-99-scaled.jpg?strip=info&#038;w=900&#038;ssl=1 900w,https:\/\/i2.wp.com\/sarahluck.com\/wp-content\/uploads\/2022\/08\/Residence-2022-99-scaled.jpg?strip=info&#038;w=1200&#038;ssl=1 1200w,https:\/\/i2.wp.com\/sarahluck.com\/wp-content\/uploads\/2022\/08\/Residence-2022-99-scaled.jpg?strip=info&#038;w=1500&#038;ssl=1 1500w,https:\/\/i2.wp.com\/sarahluck.com\/wp-content\/uploads\/2022\/08\/Residence-2022-99-scaled.jpg?strip=info&#038;w=1707&#038;ssl=1 1707w\" alt=\"\" data-height=\"2560\" data-id=\"1527\" data-link=\"https:\/\/sarahluck.com\/residence-2022-99\/\" data-url=\"https:\/\/sarahluck.com\/wp-content\/uploads\/2022\/08\/Residence-2022-99-scaled.jpg\" data-width=\"1707\" src=\"https:\/\/i2.wp.com\/sarahluck.com\/wp-content\/uploads\/2022\/08\/Residence-2022-99-scaled.jpg?ssl=1\" data-amp-layout=\"responsive\"\/><\/figure><\/div><div class=\"tiled-gallery__col\" style=\"flex-basis:33.12684%\"><figure class=\"tiled-gallery__item\"><img decoding=\"async\" data-attachment-id=\"1511\" data-permalink=\"https:\/\/sarahluck.com\/residence-2022-39\/\" data-orig-file=\"https:\/\/sarahluck.com\/wp-content\/uploads\/2022\/08\/Residence-2022-39-scaled.jpg\" data-orig-size=\"1707,2560\" data-comments-opened=\"0\" data-image-meta=\"{&quot;aperture&quot;:&quot;16&quot;,&quot;credit&quot;:&quot;GUILLAUME AYER&quot;,&quot;camera&quot;:&quot;Canon EOS R6&quot;,&quot;caption&quot;:&quot;&quot;,&quot;created_timestamp&quot;:&quot;1649928454&quot;,&quot;copyright&quot;:&quot;&quot;,&quot;focal_length&quot;:&quot;24&quot;,&quot;iso&quot;:&quot;100&quot;,&quot;shutter_speed&quot;:&quot;0.4&quot;,&quot;title&quot;:&quot;&quot;,&quot;orientation&quot;:&quot;0&quot;}\" data-image-title=\"R\u00e9sidence 2022-39\" data-image-description=\"&lt;p&gt;Installation in situ. Tiges en bois, plaques de m\u00e9tal, sculptures sur bois, b\u00e9ton, plante dans une vase et peinture. &lt;\/p&gt;\n\" data-image-caption=\"&lt;p&gt;Vue d&amp;rsquo;exposition Centre d&amp;rsquo;Art contemporain de Pontmain, 2022. \u00a9Photo Guillaume Ayer.&lt;\/p&gt;\n\" data-large-file=\"https:\/\/sarahluck.com\/wp-content\/uploads\/2022\/08\/Residence-2022-39-683x1024.jpg\" data-attachment-id=\"1511\" data-permalink=\"https:\/\/sarahluck.com\/residence-2022-39\/\" data-orig-file=\"https:\/\/sarahluck.com\/wp-content\/uploads\/2022\/08\/Residence-2022-39-scaled.jpg\" data-orig-size=\"1707,2560\" data-comments-opened=\"0\" data-image-meta=\"{&quot;aperture&quot;:&quot;16&quot;,&quot;credit&quot;:&quot;GUILLAUME AYER&quot;,&quot;camera&quot;:&quot;Canon EOS R6&quot;,&quot;caption&quot;:&quot;&quot;,&quot;created_timestamp&quot;:&quot;1649928454&quot;,&quot;copyright&quot;:&quot;&quot;,&quot;focal_length&quot;:&quot;24&quot;,&quot;iso&quot;:&quot;100&quot;,&quot;shutter_speed&quot;:&quot;0.4&quot;,&quot;title&quot;:&quot;&quot;,&quot;orientation&quot;:&quot;0&quot;}\" data-image-title=\"R\u00e9sidence 2022-39\" data-image-description=\"&lt;p&gt;Installation in situ. Tiges en bois, plaques de m\u00e9tal, sculptures sur bois, b\u00e9ton, plante dans une vase et peinture. &lt;\/p&gt;\n\" data-image-caption=\"&lt;p&gt;Vue d&amp;rsquo;exposition Centre d&amp;rsquo;Art contemporain de Pontmain, 2022. \u00a9Photo Guillaume Ayer.&lt;\/p&gt;\n\" data-large-file=\"https:\/\/sarahluck.com\/wp-content\/uploads\/2022\/08\/Residence-2022-39-683x1024.jpg\" role=\"button\" tabindex=\"0\" aria-label=\"Ouvrir l\u2019image 11 sur 12 en plein \u00e9cran\"srcset=\"https:\/\/i2.wp.com\/sarahluck.com\/wp-content\/uploads\/2022\/08\/Residence-2022-39-scaled.jpg?strip=info&#038;w=600&#038;ssl=1 600w,https:\/\/i2.wp.com\/sarahluck.com\/wp-content\/uploads\/2022\/08\/Residence-2022-39-scaled.jpg?strip=info&#038;w=900&#038;ssl=1 900w,https:\/\/i2.wp.com\/sarahluck.com\/wp-content\/uploads\/2022\/08\/Residence-2022-39-scaled.jpg?strip=info&#038;w=1200&#038;ssl=1 1200w,https:\/\/i2.wp.com\/sarahluck.com\/wp-content\/uploads\/2022\/08\/Residence-2022-39-scaled.jpg?strip=info&#038;w=1500&#038;ssl=1 1500w,https:\/\/i2.wp.com\/sarahluck.com\/wp-content\/uploads\/2022\/08\/Residence-2022-39-scaled.jpg?strip=info&#038;w=1707&#038;ssl=1 1707w\" alt=\"\" data-height=\"2560\" data-id=\"1511\" data-link=\"https:\/\/sarahluck.com\/residence-2022-39\/\" data-url=\"https:\/\/sarahluck.com\/wp-content\/uploads\/2022\/08\/Residence-2022-39-scaled.jpg\" data-width=\"1707\" src=\"https:\/\/i2.wp.com\/sarahluck.com\/wp-content\/uploads\/2022\/08\/Residence-2022-39-scaled.jpg?ssl=1\" data-amp-layout=\"responsive\"\/><\/figure><\/div><div class=\"tiled-gallery__col\" style=\"flex-basis:33.74632%\"><figure class=\"tiled-gallery__item\"><img decoding=\"async\" data-attachment-id=\"1474\" data-permalink=\"https:\/\/sarahluck.com\/residence-2022-2\/\" data-orig-file=\"https:\/\/sarahluck.com\/wp-content\/uploads\/2022\/08\/Residence-2022-2-scaled.jpg\" data-orig-size=\"1739,2560\" data-comments-opened=\"0\" data-image-meta=\"{&quot;aperture&quot;:&quot;13&quot;,&quot;credit&quot;:&quot;GUILLAUME AYER&quot;,&quot;camera&quot;:&quot;Canon EOS R6&quot;,&quot;caption&quot;:&quot;&quot;,&quot;created_timestamp&quot;:&quot;1649925604&quot;,&quot;copyright&quot;:&quot;&quot;,&quot;focal_length&quot;:&quot;24&quot;,&quot;iso&quot;:&quot;100&quot;,&quot;shutter_speed&quot;:&quot;0.6&quot;,&quot;title&quot;:&quot;&quot;,&quot;orientation&quot;:&quot;0&quot;}\" data-image-title=\"L&amp;rsquo;escalier \u00e0 23h23\" data-image-description=\"&lt;p&gt;Installation in situ. Tiges en bois, plaques de m\u00e9tal, sculptures sur bois, b\u00e9ton, plante dans une vase et peinture. &lt;\/p&gt;\n\" data-image-caption=\"&lt;p&gt;Vue d&amp;rsquo;exposition Centre d&amp;rsquo;Art contemporain de Pontmain, 2022. \u00a9Photo Guillaume Ayer.&lt;\/p&gt;\n\" data-large-file=\"https:\/\/sarahluck.com\/wp-content\/uploads\/2022\/08\/Residence-2022-2-696x1024.jpg\" data-attachment-id=\"1474\" data-permalink=\"https:\/\/sarahluck.com\/residence-2022-2\/\" data-orig-file=\"https:\/\/sarahluck.com\/wp-content\/uploads\/2022\/08\/Residence-2022-2-scaled.jpg\" data-orig-size=\"1739,2560\" data-comments-opened=\"0\" data-image-meta=\"{&quot;aperture&quot;:&quot;13&quot;,&quot;credit&quot;:&quot;GUILLAUME AYER&quot;,&quot;camera&quot;:&quot;Canon EOS R6&quot;,&quot;caption&quot;:&quot;&quot;,&quot;created_timestamp&quot;:&quot;1649925604&quot;,&quot;copyright&quot;:&quot;&quot;,&quot;focal_length&quot;:&quot;24&quot;,&quot;iso&quot;:&quot;100&quot;,&quot;shutter_speed&quot;:&quot;0.6&quot;,&quot;title&quot;:&quot;&quot;,&quot;orientation&quot;:&quot;0&quot;}\" data-image-title=\"L&amp;rsquo;escalier \u00e0 23h23\" data-image-description=\"&lt;p&gt;Installation in situ. Tiges en bois, plaques de m\u00e9tal, sculptures sur bois, b\u00e9ton, plante dans une vase et peinture. &lt;\/p&gt;\n\" data-image-caption=\"&lt;p&gt;Vue d&amp;rsquo;exposition Centre d&amp;rsquo;Art contemporain de Pontmain, 2022. \u00a9Photo Guillaume Ayer.&lt;\/p&gt;\n\" data-large-file=\"https:\/\/sarahluck.com\/wp-content\/uploads\/2022\/08\/Residence-2022-2-696x1024.jpg\" role=\"button\" tabindex=\"0\" aria-label=\"Ouvrir l\u2019image 12 sur 12 en plein \u00e9cran\"srcset=\"https:\/\/i1.wp.com\/sarahluck.com\/wp-content\/uploads\/2022\/08\/Residence-2022-2-scaled.jpg?strip=info&#038;w=600&#038;ssl=1 600w,https:\/\/i1.wp.com\/sarahluck.com\/wp-content\/uploads\/2022\/08\/Residence-2022-2-scaled.jpg?strip=info&#038;w=900&#038;ssl=1 900w,https:\/\/i1.wp.com\/sarahluck.com\/wp-content\/uploads\/2022\/08\/Residence-2022-2-scaled.jpg?strip=info&#038;w=1200&#038;ssl=1 1200w,https:\/\/i1.wp.com\/sarahluck.com\/wp-content\/uploads\/2022\/08\/Residence-2022-2-scaled.jpg?strip=info&#038;w=1500&#038;ssl=1 1500w,https:\/\/i1.wp.com\/sarahluck.com\/wp-content\/uploads\/2022\/08\/Residence-2022-2-scaled.jpg?strip=info&#038;w=1739&#038;ssl=1 1739w\" alt=\"\" data-height=\"2560\" data-id=\"1474\" data-link=\"https:\/\/sarahluck.com\/residence-2022-2\/\" data-url=\"https:\/\/sarahluck.com\/wp-content\/uploads\/2022\/08\/Residence-2022-2-scaled.jpg\" data-width=\"1739\" src=\"https:\/\/i1.wp.com\/sarahluck.com\/wp-content\/uploads\/2022\/08\/Residence-2022-2-scaled.jpg?ssl=1\" data-amp-layout=\"responsive\"\/><\/figure><\/div><\/div><\/div><\/div>\n\n\n\n<p class=\"wp-block-paragraph\">LA VIE DES LIGNES<\/p>\n\n\n\n<p class=\"wp-block-paragraph\">Au d\u00e9but du XXe si\u00e8cle, les avant-gardes primitivistes trouvent dans la simplicit\u00e9 g\u00e9om\u00e9trique et la mat\u00e9rialit\u00e9 brute des totems le chemin de l\u2019abstraction. L\u2019archa\u00efsme resurgit \u00e9galement \u00e0 cette m\u00eame \u00e9poque : les grottes, les alignements m\u00e9galithiques ou les tertres fun\u00e9raires fascinent les sensibilit\u00e9s, soucieuses de la v\u00e9rit\u00e9 des mat\u00e9riaux, et privil\u00e9giant la technique de la taille directe, travaillant artisanalement des blocs de bois ou de pierre. La verticalit\u00e9 et la colonne, symboles des d\u00e9sirs d\u2019\u00e9l\u00e9vation, deviennent l\u2019image de l\u2019axe du monde (axis mundi), qui relie le terrestre et le c\u00e9leste. Constantin Brancusi en r\u00e9alise la synth\u00e8se abstraite avec la Colonne sans fin, qui pose d\u2019importants jalons comme l\u2019abandon du socle et la r\u00e9p\u00e9tition de modules g\u00e9om\u00e9triques.<br>Il semble que les installations de Sarah L\u00fcck assument l\u2019h\u00e9ritage de cette pens\u00e9e du cairn primitif et de la colonne, motifs r\u00e9currents dans l\u2019exposition. D\u2019autres tensions s\u2019expriment dans ses formes : hautement graphiques, certaines structures effil\u00e9es \u00e9voquent les principes d\u2019une sculpture lin\u00e9aire, permettant d\u2019\u00e9crire et de dessiner dans l\u2019espace, en cernant une dynamique essentielle par la ligne, la transparence et le vide. Entre plane\u0301ite\u0301 et volume, ces \u0153uvres jouent de l\u2019ombre qu\u2019elles projettent, qui rappelle leur mate\u0301rialite\u0301 ajoure\u0301e. Enfin, le motif circulaire et la vibration ondulatoire des surfaces, que le mat\u00e9riau soit sculpt\u00e9 par l\u2019artiste ou d\u2019origine industrielle, se manifestent dans plusieurs installations.<\/p>\n\n\n\n<p class=\"has-small-font-size wp-block-paragraph\">Eva Prouteau, critique d\u2019art. Extrait du texte d\u2019exposition Centre d\u2019art contemporain Pontmain, 2022.<\/p>\n\n\n\n<p class=\"wp-block-paragraph\"><\/p>\n","protected":false},"excerpt":{"rendered":"<p>Installation. Exposition Centre d&rsquo;art contemporain Pontmain, 2022. LA VIE DES&#8230;<\/p>\n","protected":false},"author":1,"featured_media":1552,"comment_status":"closed","ping_status":"closed","template":"","format":"standard","meta":{"_crdt_document":"","footnotes":""},"jetpack-portfolio-type":[],"jetpack-portfolio-tag":[],"class_list":["post-1696","jetpack-portfolio","type-jetpack-portfolio","status-publish","format-standard","has-post-thumbnail","hentry"],"yoast_head":"<!-- This site is optimized with the Yoast SEO plugin v27.5 - https:\/\/yoast.com\/product\/yoast-seo-wordpress\/ -->\n<title>Escalier de 23h23 - Sarah L\u00fcck<\/title>\n<meta name=\"robots\" content=\"index, follow, max-snippet:-1, max-image-preview:large, max-video-preview:-1\" \/>\n<link rel=\"canonical\" href=\"https:\/\/sarahluck.com\/index.php\/portfolio\/escalier-de-23h23\/\" \/>\n<meta property=\"og:locale\" content=\"fr_FR\" \/>\n<meta property=\"og:type\" content=\"article\" \/>\n<meta property=\"og:title\" content=\"Escalier de 23h23 - Sarah L\u00fcck\" \/>\n<meta property=\"og:description\" content=\"Installation. Exposition Centre d&rsquo;art contemporain Pontmain, 2022. LA VIE DES...\" \/>\n<meta property=\"og:url\" content=\"https:\/\/sarahluck.com\/index.php\/portfolio\/escalier-de-23h23\/\" \/>\n<meta property=\"og:site_name\" content=\"Sarah L\u00fcck\" \/>\n<meta property=\"article:publisher\" content=\"https:\/\/www.facebook.com\/123sarahluck\/\" \/>\n<meta property=\"article:modified_time\" content=\"2024-05-29T12:01:20+00:00\" \/>\n<meta property=\"og:image\" content=\"https:\/\/sarahluck.com\/wp-content\/uploads\/2022\/08\/Residence-2022-132-scaled.jpg\" \/>\n\t<meta property=\"og:image:width\" content=\"2560\" \/>\n\t<meta property=\"og:image:height\" content=\"2048\" \/>\n\t<meta property=\"og:image:type\" content=\"image\/jpeg\" \/>\n<meta name=\"twitter:card\" content=\"summary_large_image\" \/>\n<meta name=\"twitter:label1\" content=\"Dur\u00e9e de lecture estim\u00e9e\" \/>\n\t<meta name=\"twitter:data1\" content=\"1 minute\" \/>\n<script type=\"application\/ld+json\" class=\"yoast-schema-graph\">{\"@context\":\"https:\\\/\\\/schema.org\",\"@graph\":[{\"@type\":\"WebPage\",\"@id\":\"https:\\\/\\\/sarahluck.com\\\/index.php\\\/portfolio\\\/escalier-de-23h23\\\/\",\"url\":\"https:\\\/\\\/sarahluck.com\\\/index.php\\\/portfolio\\\/escalier-de-23h23\\\/\",\"name\":\"Escalier de 23h23 - Sarah L\u00fcck\",\"isPartOf\":{\"@id\":\"https:\\\/\\\/sarahluck.com\\\/#website\"},\"primaryImageOfPage\":{\"@id\":\"https:\\\/\\\/sarahluck.com\\\/index.php\\\/portfolio\\\/escalier-de-23h23\\\/#primaryimage\"},\"image\":{\"@id\":\"https:\\\/\\\/sarahluck.com\\\/index.php\\\/portfolio\\\/escalier-de-23h23\\\/#primaryimage\"},\"thumbnailUrl\":\"https:\\\/\\\/sarahluck.com\\\/wp-content\\\/uploads\\\/2022\\\/08\\\/Residence-2022-132-scaled.jpg\",\"datePublished\":\"2022-08-18T20:37:00+00:00\",\"dateModified\":\"2024-05-29T12:01:20+00:00\",\"breadcrumb\":{\"@id\":\"https:\\\/\\\/sarahluck.com\\\/index.php\\\/portfolio\\\/escalier-de-23h23\\\/#breadcrumb\"},\"inLanguage\":\"fr-FR\",\"potentialAction\":[{\"@type\":\"ReadAction\",\"target\":[\"https:\\\/\\\/sarahluck.com\\\/index.php\\\/portfolio\\\/escalier-de-23h23\\\/\"]}]},{\"@type\":\"ImageObject\",\"inLanguage\":\"fr-FR\",\"@id\":\"https:\\\/\\\/sarahluck.com\\\/index.php\\\/portfolio\\\/escalier-de-23h23\\\/#primaryimage\",\"url\":\"https:\\\/\\\/sarahluck.com\\\/wp-content\\\/uploads\\\/2022\\\/08\\\/Residence-2022-132-scaled.jpg\",\"contentUrl\":\"https:\\\/\\\/sarahluck.com\\\/wp-content\\\/uploads\\\/2022\\\/08\\\/Residence-2022-132-scaled.jpg\",\"width\":2560,\"height\":2048,\"caption\":\"Vue d'exposition Centre d'Art contemporain de Pontmain, 2022. \u00a9Photo Guillaume Ayer.\"},{\"@type\":\"BreadcrumbList\",\"@id\":\"https:\\\/\\\/sarahluck.com\\\/index.php\\\/portfolio\\\/escalier-de-23h23\\\/#breadcrumb\",\"itemListElement\":[{\"@type\":\"ListItem\",\"position\":1,\"name\":\"Accueil\",\"item\":\"https:\\\/\\\/sarahluck.com\\\/\"},{\"@type\":\"ListItem\",\"position\":2,\"name\":\"Projets\",\"item\":\"https:\\\/\\\/sarahluck.com\\\/index.php\\\/portfolio\\\/\"},{\"@type\":\"ListItem\",\"position\":3,\"name\":\"Escalier de 23h23\"}]},{\"@type\":\"WebSite\",\"@id\":\"https:\\\/\\\/sarahluck.com\\\/#website\",\"url\":\"https:\\\/\\\/sarahluck.com\\\/\",\"name\":\"Sarah L\u00fcck\",\"description\":\"Artiste\",\"publisher\":{\"@id\":\"https:\\\/\\\/sarahluck.com\\\/#organization\"},\"potentialAction\":[{\"@type\":\"SearchAction\",\"target\":{\"@type\":\"EntryPoint\",\"urlTemplate\":\"https:\\\/\\\/sarahluck.com\\\/?s={search_term_string}\"},\"query-input\":{\"@type\":\"PropertyValueSpecification\",\"valueRequired\":true,\"valueName\":\"search_term_string\"}}],\"inLanguage\":\"fr-FR\"},{\"@type\":\"Organization\",\"@id\":\"https:\\\/\\\/sarahluck.com\\\/#organization\",\"name\":\"Sarah L\u00fcck\",\"url\":\"https:\\\/\\\/sarahluck.com\\\/\",\"logo\":{\"@type\":\"ImageObject\",\"inLanguage\":\"fr-FR\",\"@id\":\"https:\\\/\\\/sarahluck.com\\\/#\\\/schema\\\/logo\\\/image\\\/\",\"url\":\"http:\\\/\\\/sarahluck.com\\\/wp-content\\\/uploads\\\/2022\\\/08\\\/Residence-2022-119-scaled.jpg\",\"contentUrl\":\"http:\\\/\\\/sarahluck.com\\\/wp-content\\\/uploads\\\/2022\\\/08\\\/Residence-2022-119-scaled.jpg\",\"width\":1707,\"height\":2560,\"caption\":\"Sarah L\u00fcck\"},\"image\":{\"@id\":\"https:\\\/\\\/sarahluck.com\\\/#\\\/schema\\\/logo\\\/image\\\/\"},\"sameAs\":[\"https:\\\/\\\/www.facebook.com\\\/123sarahluck\\\/\",\"https:\\\/\\\/www.instagram.com\\\/123sarahluck\\\/\"]}]}<\/script>\n<!-- \/ Yoast SEO plugin. -->","yoast_head_json":{"title":"Escalier de 23h23 - Sarah L\u00fcck","robots":{"index":"index","follow":"follow","max-snippet":"max-snippet:-1","max-image-preview":"max-image-preview:large","max-video-preview":"max-video-preview:-1"},"canonical":"https:\/\/sarahluck.com\/index.php\/portfolio\/escalier-de-23h23\/","og_locale":"fr_FR","og_type":"article","og_title":"Escalier de 23h23 - Sarah L\u00fcck","og_description":"Installation. Exposition Centre d&rsquo;art contemporain Pontmain, 2022. LA VIE DES...","og_url":"https:\/\/sarahluck.com\/index.php\/portfolio\/escalier-de-23h23\/","og_site_name":"Sarah L\u00fcck","article_publisher":"https:\/\/www.facebook.com\/123sarahluck\/","article_modified_time":"2024-05-29T12:01:20+00:00","og_image":[{"width":2560,"height":2048,"url":"https:\/\/sarahluck.com\/wp-content\/uploads\/2022\/08\/Residence-2022-132-scaled.jpg","type":"image\/jpeg"}],"twitter_card":"summary_large_image","twitter_misc":{"Dur\u00e9e de lecture estim\u00e9e":"1 minute"},"schema":{"@context":"https:\/\/schema.org","@graph":[{"@type":"WebPage","@id":"https:\/\/sarahluck.com\/index.php\/portfolio\/escalier-de-23h23\/","url":"https:\/\/sarahluck.com\/index.php\/portfolio\/escalier-de-23h23\/","name":"Escalier de 23h23 - Sarah L\u00fcck","isPartOf":{"@id":"https:\/\/sarahluck.com\/#website"},"primaryImageOfPage":{"@id":"https:\/\/sarahluck.com\/index.php\/portfolio\/escalier-de-23h23\/#primaryimage"},"image":{"@id":"https:\/\/sarahluck.com\/index.php\/portfolio\/escalier-de-23h23\/#primaryimage"},"thumbnailUrl":"https:\/\/sarahluck.com\/wp-content\/uploads\/2022\/08\/Residence-2022-132-scaled.jpg","datePublished":"2022-08-18T20:37:00+00:00","dateModified":"2024-05-29T12:01:20+00:00","breadcrumb":{"@id":"https:\/\/sarahluck.com\/index.php\/portfolio\/escalier-de-23h23\/#breadcrumb"},"inLanguage":"fr-FR","potentialAction":[{"@type":"ReadAction","target":["https:\/\/sarahluck.com\/index.php\/portfolio\/escalier-de-23h23\/"]}]},{"@type":"ImageObject","inLanguage":"fr-FR","@id":"https:\/\/sarahluck.com\/index.php\/portfolio\/escalier-de-23h23\/#primaryimage","url":"https:\/\/sarahluck.com\/wp-content\/uploads\/2022\/08\/Residence-2022-132-scaled.jpg","contentUrl":"https:\/\/sarahluck.com\/wp-content\/uploads\/2022\/08\/Residence-2022-132-scaled.jpg","width":2560,"height":2048,"caption":"Vue d'exposition Centre d'Art contemporain de Pontmain, 2022. \u00a9Photo Guillaume Ayer."},{"@type":"BreadcrumbList","@id":"https:\/\/sarahluck.com\/index.php\/portfolio\/escalier-de-23h23\/#breadcrumb","itemListElement":[{"@type":"ListItem","position":1,"name":"Accueil","item":"https:\/\/sarahluck.com\/"},{"@type":"ListItem","position":2,"name":"Projets","item":"https:\/\/sarahluck.com\/index.php\/portfolio\/"},{"@type":"ListItem","position":3,"name":"Escalier de 23h23"}]},{"@type":"WebSite","@id":"https:\/\/sarahluck.com\/#website","url":"https:\/\/sarahluck.com\/","name":"Sarah L\u00fcck","description":"Artiste","publisher":{"@id":"https:\/\/sarahluck.com\/#organization"},"potentialAction":[{"@type":"SearchAction","target":{"@type":"EntryPoint","urlTemplate":"https:\/\/sarahluck.com\/?s={search_term_string}"},"query-input":{"@type":"PropertyValueSpecification","valueRequired":true,"valueName":"search_term_string"}}],"inLanguage":"fr-FR"},{"@type":"Organization","@id":"https:\/\/sarahluck.com\/#organization","name":"Sarah L\u00fcck","url":"https:\/\/sarahluck.com\/","logo":{"@type":"ImageObject","inLanguage":"fr-FR","@id":"https:\/\/sarahluck.com\/#\/schema\/logo\/image\/","url":"http:\/\/sarahluck.com\/wp-content\/uploads\/2022\/08\/Residence-2022-119-scaled.jpg","contentUrl":"http:\/\/sarahluck.com\/wp-content\/uploads\/2022\/08\/Residence-2022-119-scaled.jpg","width":1707,"height":2560,"caption":"Sarah L\u00fcck"},"image":{"@id":"https:\/\/sarahluck.com\/#\/schema\/logo\/image\/"},"sameAs":["https:\/\/www.facebook.com\/123sarahluck\/","https:\/\/www.instagram.com\/123sarahluck\/"]}]}},"jetpack_sharing_enabled":true,"_links":{"self":[{"href":"https:\/\/sarahluck.com\/index.php\/wp-json\/wp\/v2\/jetpack-portfolio\/1696","targetHints":{"allow":["GET"]}}],"collection":[{"href":"https:\/\/sarahluck.com\/index.php\/wp-json\/wp\/v2\/jetpack-portfolio"}],"about":[{"href":"https:\/\/sarahluck.com\/index.php\/wp-json\/wp\/v2\/types\/jetpack-portfolio"}],"author":[{"embeddable":true,"href":"https:\/\/sarahluck.com\/index.php\/wp-json\/wp\/v2\/users\/1"}],"replies":[{"embeddable":true,"href":"https:\/\/sarahluck.com\/index.php\/wp-json\/wp\/v2\/comments?post=1696"}],"version-history":[{"count":5,"href":"https:\/\/sarahluck.com\/index.php\/wp-json\/wp\/v2\/jetpack-portfolio\/1696\/revisions"}],"predecessor-version":[{"id":5447,"href":"https:\/\/sarahluck.com\/index.php\/wp-json\/wp\/v2\/jetpack-portfolio\/1696\/revisions\/5447"}],"wp:featuredmedia":[{"embeddable":true,"href":"https:\/\/sarahluck.com\/index.php\/wp-json\/wp\/v2\/media\/1552"}],"wp:attachment":[{"href":"https:\/\/sarahluck.com\/index.php\/wp-json\/wp\/v2\/media?parent=1696"}],"wp:term":[{"taxonomy":"jetpack-portfolio-type","embeddable":true,"href":"https:\/\/sarahluck.com\/index.php\/wp-json\/wp\/v2\/jetpack-portfolio-type?post=1696"},{"taxonomy":"jetpack-portfolio-tag","embeddable":true,"href":"https:\/\/sarahluck.com\/index.php\/wp-json\/wp\/v2\/jetpack-portfolio-tag?post=1696"}],"curies":[{"name":"wp","href":"https:\/\/api.w.org\/{rel}","templated":true}]}}