{"id":99,"date":"2020-01-31T00:18:49","date_gmt":"2020-01-30T23:18:49","guid":{"rendered":"http:\/\/sarahluck.com\/?page_id=99"},"modified":"2025-11-26T18:22:46","modified_gmt":"2025-11-26T17:22:46","slug":"biographie","status":"publish","type":"page","link":"https:\/\/sarahluck.com\/index.php\/biographie\/","title":{"rendered":"Biographie"},"content":{"rendered":"\n<p class=\"wp-block-paragraph\" style=\"font-size:13px;font-style:normal;font-weight:400\">Vit et travaille \u00e0 Rennes.<\/p>\n\n\n\n<p class=\"has-medium-font-size wp-block-paragraph\"><strong>FORMATION<\/strong><\/p>\n\n\n\n<p class=\"wp-block-paragraph\"><strong>2021<\/strong> <\/p>\n\n\n\n<p class=\"wp-block-paragraph\">Formation \u00e9b\u00e9nisterie, travail du bois, Afdas, Rennes. <\/p>\n\n\n\n<p class=\"wp-block-paragraph\"><strong>2010<\/strong> <\/p>\n\n\n\n<p class=\"wp-block-paragraph\">DNSEP \u00c9cole europ\u00e9enne sup\u00e9rieure d\u2019arts de Bretagne, Rennes.<\/p>\n\n\n\n<p class=\"wp-block-paragraph\"><strong>2007<\/strong> <\/p>\n\n\n\n<p class=\"wp-block-paragraph\">DNAP \u00c9cole europ\u00e9enne sup\u00e9rieure d\u2019arts de Bretagne, Rennes.<\/p>\n\n\n\n<p class=\"wp-block-paragraph\"><strong>2004<\/strong> <\/p>\n\n\n\n<p class=\"wp-block-paragraph\">Cycle LICENCE Arts Plastiques, Universit\u00e9 Rennes II, Rennes.<\/p>\n\n\n\n<p class=\"wp-block-paragraph\"><strong>RESIDENCES <\/strong><\/p>\n\n\n\n<p class=\"wp-block-paragraph\"><strong>2026<\/strong><\/p>\n\n\n\n<p class=\"wp-block-paragraph\">\u2022  APM R\u00e9sidence d&rsquo;artistes, association Les Ateliers du Plessix Madeuc, Saint-Jacut-de-la-mer.  <\/p>\n\n\n\n<p class=\"wp-block-paragraph\">\u2022 <em>Ensemble.s Durable.s (2)<\/em>, La Belle D\u00e9chette, Rennes. Projet soutenu par la Direction de la Culture, Rennes Ville et M\u00e9tropole. <\/p>\n\n\n\n<p class=\"wp-block-paragraph\"><strong>2025<\/strong><\/p>\n\n\n\n<p class=\"wp-block-paragraph\">\u2022 <em> Ensemble.s Durable.s (1)<\/em>, la Bricole Solidaire-Emma\u00fcs Terre, Chevaign\u00e9. Projet soutenu par la Direction de la Culture, Rennes Ville et M\u00e9tropole. <\/p>\n\n\n\n<p class=\"wp-block-paragraph\">\u2022 <em>Bitume<\/em>, association Faire de Rien, Avranche (Manche en Normandie).<\/p>\n\n\n\n<p class=\"wp-block-paragraph\">\u2022 <em>Figure et paysage<\/em>, association PAHLM, Mont\u00e9gut-Bourjac.<\/p>\n\n\n\n<p class=\"wp-block-paragraph\"><strong>2024<\/strong><\/p>\n\n\n\n<p class=\"wp-block-paragraph\"><em>Le repair<\/em>, Ressourcerie de Pleyber-Christ (Finist\u00e8re).<\/p>\n\n\n\n<p class=\"wp-block-paragraph\"><strong>2023<\/strong><\/p>\n\n\n\n<p class=\"wp-block-paragraph\"><em>R\u00e9sidence territoire<\/em>, occupation des cellules de l\u2019ancien Centre Commerciale Torign\u00e9, Rennes.<\/p>\n\n\n\n<p class=\"wp-block-paragraph\"><strong>2022<\/strong> <\/p>\n\n\n\n<p class=\"wp-block-paragraph\">Centre d&rsquo;art contemporain de Pontmain (Mayenne).<\/p>\n\n\n\n<p class=\"wp-block-paragraph\"><strong>2019<\/strong> <\/p>\n\n\n\n<p class=\"wp-block-paragraph\">L\u2019apart\u00e9, lieu d\u2019art contemporain, Iffendic.<\/p>\n\n\n\n<p class=\"wp-block-paragraph\"><strong>EXPOSITIONS PERSONNELLES<\/strong><\/p>\n\n\n\n<p class=\"wp-block-paragraph\"><strong>2026<\/strong><\/p>\n\n\n\n<p class=\"wp-block-paragraph\">PHAKT, Centre Culturel Colombier, Rennes.<\/p>\n\n\n\n<p class=\"wp-block-paragraph\"><strong>2024<\/strong><\/p>\n\n\n\n<p class=\"wp-block-paragraph\">\u2022 <em>Entre les Rayons<\/em>, exposition de restitution de fin de R\u00e9sidence, Ressourcerie Le Repair, Pleyber-Christ (Finist\u00e8re). <\/p>\n\n\n\n<p class=\"wp-block-paragraph\"> \u2022 <em>Possibles<\/em>, la Capsule Galerie, Rennes (Ille-et-Vilaine).<\/p>\n\n\n\n<p class=\"wp-block-paragraph\"><strong>2023<\/strong>  <\/p>\n\n\n\n<p class=\"wp-block-paragraph\">\u2022 <em>ACCrochage mixte<\/em>, l\u2019Atelier de la Cour Carr\u00e9e, association ARTMERCATOR, Pontault-Combault (\u00eele de France).<\/p>\n\n\n\n<p class=\"wp-block-paragraph\"><strong>2022<\/strong> <\/p>\n\n\n\n<p class=\"wp-block-paragraph\">\u2022 Exposition de restitution de r\u00e9sidenc<em>e <\/em>au<em> Centre d&rsquo;art contemporain de Pontmain<\/em> (Mayenne)<em>. <\/em><\/p>\n\n\n\n<p class=\"wp-block-paragraph\">\u2022 <em>Nouvelles d&rsquo;Octopolis<\/em>, Galerie du <em>Coll\u00e8ge Fran\u00e7ois Truffaut<\/em>, B\u00e9tton (Ille-et-Vilaine).<\/p>\n\n\n\n<p class=\"wp-block-paragraph\"><strong>2020<\/strong><\/p>\n\n\n\n<p class=\"wp-block-paragraph\">Exposition hors les murs, <em>Centre culturel Landivisiau<\/em> (Finist\u00e8re).<\/p>\n\n\n\n<p class=\"wp-block-paragraph\"> <strong>2019<\/strong> <\/p>\n\n\n\n<p class=\"wp-block-paragraph\">\u2022 <em>Entre ici et l\u00e0<\/em>. Exposition de restitution \u00e0 <em>L\u2019apart\u00e9<\/em>, lieu d\u2019art contemporain du pays de Montfort,<\/p>\n\n\n\n<p class=\"wp-block-paragraph\">Iffendic (Ille-et-Vilaine).<\/p>\n\n\n\n<p class=\"wp-block-paragraph\"><em>Wild Mint<\/em>, la <em>Minuscule Galerie<\/em>, Rennes (Ille-et-Vilaine).<\/p>\n\n\n\n<p class=\"has-medium-font-size wp-block-paragraph\"><strong>ACQUISITIONS<\/strong><\/p>\n\n\n\n<p class=\"wp-block-paragraph\"><strong>2019 <\/strong><\/p>\n\n\n\n<p class=\"wp-block-paragraph\">\u2022 <em>Sans titre, Schiste<\/em>. Fonds Communal d\u2019Art Contemporain de la Ville de Rennes.<\/p>\n\n\n\n<p class=\"wp-block-paragraph\">\u2022 <em>Herbes inutiles I<\/em>. Fonds d&rsquo;art contemporain de Montfort-Communaut\u00e9 (Ille-et-Vilaine)<\/p>\n\n\n\n<p class=\"wp-block-paragraph\"><strong>2018<\/strong>  <\/p>\n\n\n\n<p class=\"wp-block-paragraph\"><em>Arrivages<\/em>, Acquisition pour le Parcours \u00e0 Ciel Ouvert. <em>Superflux<\/em>, Bazouges-la-P\u00e9rouse.<\/p>\n\n\n\n<p class=\"has-medium-font-size wp-block-paragraph\"><strong>EXPOSITIONS COLLECTIVES (s\u00e9lectionn\u00e9es) <\/strong><\/p>\n\n\n\n<p class=\"wp-block-paragraph\"><strong>202<\/strong>4<\/p>\n\n\n\n<p class=\"wp-block-paragraph\">\u2022 Point Point, exposition en itin\u00e9rance, Association Faire de Rien, Avranche (Manche en Normandie).<\/p>\n\n\n\n<p class=\"wp-block-paragraph\">\u2022 <em>Travers\u00e9es<\/em>, H\u00f4tel Le Cardinal, Capsule Galerie, Belle-\u00eele-en-mer (Morbihan).<\/p>\n\n\n\n<p class=\"wp-block-paragraph\"><strong>2021<\/strong> <\/p>\n\n\n\n<p class=\"wp-block-paragraph\"><em>Mondes disparus, civilisations retrouv\u00e9es<\/em>. Commissariat Karim Ould. Galerie Le Grand Angle, Rennes.<\/p>\n\n\n\n<p class=\"wp-block-paragraph\"><strong>2017<\/strong> <\/p>\n\n\n\n<p class=\"wp-block-paragraph\"><em>\u2022 Suggestions de pr\u00e9sentation<\/em>. Exposition collective. Parlement de Bretagne, Rennes.<\/p>\n\n\n\n<p class=\"wp-block-paragraph\">\u2022 <em>A Night on the Tiles<\/em>. Exposition avec Rika Tanaka et Camille Cros. Ferme du Quinc\u00e9, Rennes.<\/p>\n\n\n\n<p class=\"wp-block-paragraph\">\u2022 <em>La vie immobile<\/em>. Commissariat de Johanna Rocard. Galerie 48, Rennes.<\/p>\n\n\n\n<p class=\"wp-block-paragraph\"><strong>2016<\/strong> <\/p>\n\n\n\n<p class=\"wp-block-paragraph\"><em>Les perspectives du grenier<\/em>. Exposition collective. H\u00f4tel Pasteur, Rennes. <\/p>\n\n\n\n<p class=\"wp-block-paragraph\"><strong>2015<\/strong> <\/p>\n\n\n\n<p class=\"wp-block-paragraph\"><em>Ateliers Portes Ouvertes<\/em>, avec Marine Bouilloud, Rennes. <\/p>\n\n\n\n<p class=\"wp-block-paragraph\"><strong>2014<\/strong> <\/p>\n\n\n\n<p class=\"wp-block-paragraph\"><em>Peindre#2<\/em>. Exposition collective, Le Volume, Vern-sur-Seiche.<\/p>\n\n\n\n<p class=\"wp-block-paragraph\"> <strong>2013<\/strong> <\/p>\n\n\n\n<p class=\"wp-block-paragraph\"><em>Ateliers Portes Ouvertes<\/em>, avec Francis Raynaud, Rennes.<\/p>\n\n\n\n<p class=\"wp-block-paragraph\"><em>Talweg<\/em>. Exposition en itin\u00e9rance dans le cadre d\u2019un workshop avec le collectif Ultralocal, Biennale Off, Rennes. <\/p>\n\n\n\n<p class=\"wp-block-paragraph\"><strong>2012<\/strong> <\/p>\n\n\n\n<p class=\"wp-block-paragraph\">\u2022 <em>Les 15 signes du jugement dernier<\/em>. Bon accueil, Rennes.<\/p>\n\n\n\n<p class=\"wp-block-paragraph\">\u2022 <em>Journ\u00e9e du patrimoine<\/em>. Exposition en itin\u00e9rance sur le Site des Mines de Pont-P\u00e9an.<\/p>\n\n\n\n<p class=\"wp-block-paragraph\">\u2022 <em>Quasi Neuf<\/em>. Jardin Moderne, Rennes.<\/p>\n\n\n\n<p class=\"wp-block-paragraph\"><strong>2011<\/strong> <\/p>\n\n\n\n<p class=\"wp-block-paragraph\"><em>Baustelle Fresco<\/em>, avec Xurxo Duran. Galerie du 48, Rennes. <\/p>\n\n\n\n<p class=\"has-medium-font-size wp-block-paragraph\"><strong>BOURSES<\/strong> \/SOUTIENS<\/p>\n\n\n\n<p class=\"wp-block-paragraph\"><strong>2025<\/strong><\/p>\n\n\n\n<p class=\"wp-block-paragraph\">Variables, soutien projet DRAC Bretagne. <\/p>\n\n\n\n<p class=\"wp-block-paragraph\"><strong>2019<\/strong> <\/p>\n\n\n\n<p class=\"wp-block-paragraph\">Allocations d&rsquo; installation d&rsquo;atelier, DRAC de Bretagne. <\/p>\n\n\n\n<p class=\"wp-block-paragraph\"><strong>2016<\/strong> <\/p>\n\n\n\n<p class=\"wp-block-paragraph\">Aide \u00e0 la cr\u00e9ation, Ville de Rennes. <\/p>\n\n\n\n<p class=\"wp-block-paragraph\"><strong>2014<\/strong> <\/p>\n\n\n\n<p class=\"wp-block-paragraph\">Aide \u00e0 la Cr\u00e9ation, DRAC de Bretagne.<\/p>\n\n\n\n<p class=\"has-medium-font-size wp-block-paragraph\"><strong>INTERVENTIONS \/ WORKSHOPS \/ ENSEIGNEMENTS<\/strong><\/p>\n\n\n\n<p class=\"wp-block-paragraph\"><strong>2022 \u00e0 2025 <\/strong><\/p>\n\n\n\n<p class=\"wp-block-paragraph\">Formatrice d\u2019Arts Appliqu\u00e9s au Centre de formation du Stade rennais FC.<\/p>\n\n\n\n<p class=\"wp-block-paragraph\"><strong>2019 \u00e0 2024<\/strong><\/p>\n\n\n\n<p class=\"wp-block-paragraph\">Formatrice \u00e0 la Facult\u00e9 des M\u00e9tiers Ker Lann, Bruz.<\/p>\n\n\n\n<p class=\"wp-block-paragraph\"><strong>2022<\/strong><\/p>\n\n\n\n<p class=\"wp-block-paragraph\">\u2022 Intervention Ecole primaire le Chat Perch\u00e9, Talensac. Partenariat <em>L&rsquo;apart\u00e9<\/em>,  lieu d\u2019art contemporain du pays de Montfort (Ille-et-Vilaine)<\/p>\n\n\n\n<p class=\"wp-block-paragraph\">\u2022 Intervention Coll\u00e8ge Louis Launay, partenariat Centre d&rsquo;art contemporain Pontmain (Mayenne).<\/p>\n\n\n\n<p class=\"wp-block-paragraph\">\u2022 Intervention Coll\u00e8ge Fran\u00e7ois Truffaut, Betton (Ille-et-Vilaine).<\/p>\n\n\n\n<p class=\"wp-block-paragraph\"><strong>2019<\/strong><\/p>\n\n\n\n<p class=\"wp-block-paragraph\">\u2022 Ateliers pour \u00e9coles \u00e9l\u00e9mentaires en partenariat avec <em>L\u2019apart\u00e9<\/em>, lieu d\u2019art contemporain, Iffendic.<\/p>\n\n\n\n<p class=\"wp-block-paragraph\"><strong>2018<\/strong> <\/p>\n\n\n\n<p class=\"wp-block-paragraph\">Professeur d\u2019Arts Appliqu\u00e9s, projet Karta<em>.<\/em> Lyc\u00e9e h\u00f4telier Sainte-Th\u00e9r\u00e8se, La-Guerche-de-Bretagne. <\/p>\n\n\n\n<p class=\"wp-block-paragraph\"><strong>2017<\/strong> <\/p>\n\n\n\n<p class=\"wp-block-paragraph\">Tiers-lieu artistique nomade, Workshop et table rond dans le cadre du projet \u00abCaf\u00e9 420\u00bb, <em>La Collective<\/em> aux Ateliers du Vent, Rennes.<\/p>\n\n\n\n<p class=\"wp-block-paragraph\"><strong>2013- 2017<\/strong> <\/p>\n\n\n\n<p class=\"wp-block-paragraph\">Professeur d\u2019Arts Plastiques dans diff\u00e9rents coll\u00e8ges en Bretagne.<\/p>\n\n\n\n<p class=\"has-medium-font-size wp-block-paragraph\"><\/p>\n","protected":false},"excerpt":{"rendered":"<p>Vit et travaille \u00e0 Rennes. FORMATION 2021 Formation \u00e9b\u00e9nisterie, travail&#8230;<\/p>\n","protected":false},"author":1,"featured_media":0,"parent":0,"menu_order":0,"comment_status":"closed","ping_status":"closed","template":"","meta":{"_crdt_document":"","footnotes":""},"class_list":["post-99","page","type-page","status-publish","hentry"],"yoast_head":"<!-- This site is optimized with the Yoast SEO plugin v27.5 - https:\/\/yoast.com\/product\/yoast-seo-wordpress\/ -->\n<title>Biographie - Sarah L\u00fcck<\/title>\n<meta name=\"robots\" content=\"index, follow, max-snippet:-1, max-image-preview:large, max-video-preview:-1\" \/>\n<link rel=\"canonical\" href=\"https:\/\/sarahluck.com\/index.php\/biographie\/\" \/>\n<meta property=\"og:locale\" content=\"fr_FR\" \/>\n<meta property=\"og:type\" content=\"article\" \/>\n<meta property=\"og:title\" content=\"Biographie - Sarah L\u00fcck\" \/>\n<meta property=\"og:description\" content=\"Vit et travaille \u00e0 Rennes. FORMATION 2021 Formation \u00e9b\u00e9nisterie, travail...\" \/>\n<meta property=\"og:url\" content=\"https:\/\/sarahluck.com\/index.php\/biographie\/\" \/>\n<meta property=\"og:site_name\" content=\"Sarah L\u00fcck\" \/>\n<meta property=\"article:publisher\" content=\"https:\/\/www.facebook.com\/123sarahluck\/\" \/>\n<meta property=\"article:modified_time\" content=\"2025-11-26T17:22:46+00:00\" \/>\n<meta name=\"twitter:card\" content=\"summary_large_image\" \/>\n<meta name=\"twitter:label1\" content=\"Dur\u00e9e de lecture estim\u00e9e\" \/>\n\t<meta name=\"twitter:data1\" content=\"4 minutes\" \/>\n<script type=\"application\/ld+json\" class=\"yoast-schema-graph\">{\"@context\":\"https:\\\/\\\/schema.org\",\"@graph\":[{\"@type\":\"WebPage\",\"@id\":\"https:\\\/\\\/sarahluck.com\\\/index.php\\\/biographie\\\/\",\"url\":\"https:\\\/\\\/sarahluck.com\\\/index.php\\\/biographie\\\/\",\"name\":\"Biographie - Sarah L\u00fcck\",\"isPartOf\":{\"@id\":\"https:\\\/\\\/sarahluck.com\\\/#website\"},\"datePublished\":\"2020-01-30T23:18:49+00:00\",\"dateModified\":\"2025-11-26T17:22:46+00:00\",\"breadcrumb\":{\"@id\":\"https:\\\/\\\/sarahluck.com\\\/index.php\\\/biographie\\\/#breadcrumb\"},\"inLanguage\":\"fr-FR\",\"potentialAction\":[{\"@type\":\"ReadAction\",\"target\":[\"https:\\\/\\\/sarahluck.com\\\/index.php\\\/biographie\\\/\"]}]},{\"@type\":\"BreadcrumbList\",\"@id\":\"https:\\\/\\\/sarahluck.com\\\/index.php\\\/biographie\\\/#breadcrumb\",\"itemListElement\":[{\"@type\":\"ListItem\",\"position\":1,\"name\":\"Accueil\",\"item\":\"https:\\\/\\\/sarahluck.com\\\/\"},{\"@type\":\"ListItem\",\"position\":2,\"name\":\"Biographie\"}]},{\"@type\":\"WebSite\",\"@id\":\"https:\\\/\\\/sarahluck.com\\\/#website\",\"url\":\"https:\\\/\\\/sarahluck.com\\\/\",\"name\":\"Sarah L\u00fcck\",\"description\":\"Artiste\",\"publisher\":{\"@id\":\"https:\\\/\\\/sarahluck.com\\\/#organization\"},\"potentialAction\":[{\"@type\":\"SearchAction\",\"target\":{\"@type\":\"EntryPoint\",\"urlTemplate\":\"https:\\\/\\\/sarahluck.com\\\/?s={search_term_string}\"},\"query-input\":{\"@type\":\"PropertyValueSpecification\",\"valueRequired\":true,\"valueName\":\"search_term_string\"}}],\"inLanguage\":\"fr-FR\"},{\"@type\":\"Organization\",\"@id\":\"https:\\\/\\\/sarahluck.com\\\/#organization\",\"name\":\"Sarah L\u00fcck\",\"url\":\"https:\\\/\\\/sarahluck.com\\\/\",\"logo\":{\"@type\":\"ImageObject\",\"inLanguage\":\"fr-FR\",\"@id\":\"https:\\\/\\\/sarahluck.com\\\/#\\\/schema\\\/logo\\\/image\\\/\",\"url\":\"http:\\\/\\\/sarahluck.com\\\/wp-content\\\/uploads\\\/2022\\\/08\\\/Residence-2022-119-scaled.jpg\",\"contentUrl\":\"http:\\\/\\\/sarahluck.com\\\/wp-content\\\/uploads\\\/2022\\\/08\\\/Residence-2022-119-scaled.jpg\",\"width\":1707,\"height\":2560,\"caption\":\"Sarah L\u00fcck\"},\"image\":{\"@id\":\"https:\\\/\\\/sarahluck.com\\\/#\\\/schema\\\/logo\\\/image\\\/\"},\"sameAs\":[\"https:\\\/\\\/www.facebook.com\\\/123sarahluck\\\/\",\"https:\\\/\\\/www.instagram.com\\\/123sarahluck\\\/\"]}]}<\/script>\n<!-- \/ Yoast SEO plugin. -->","yoast_head_json":{"title":"Biographie - Sarah L\u00fcck","robots":{"index":"index","follow":"follow","max-snippet":"max-snippet:-1","max-image-preview":"max-image-preview:large","max-video-preview":"max-video-preview:-1"},"canonical":"https:\/\/sarahluck.com\/index.php\/biographie\/","og_locale":"fr_FR","og_type":"article","og_title":"Biographie - Sarah L\u00fcck","og_description":"Vit et travaille \u00e0 Rennes. FORMATION 2021 Formation \u00e9b\u00e9nisterie, travail...","og_url":"https:\/\/sarahluck.com\/index.php\/biographie\/","og_site_name":"Sarah L\u00fcck","article_publisher":"https:\/\/www.facebook.com\/123sarahluck\/","article_modified_time":"2025-11-26T17:22:46+00:00","twitter_card":"summary_large_image","twitter_misc":{"Dur\u00e9e de lecture estim\u00e9e":"4 minutes"},"schema":{"@context":"https:\/\/schema.org","@graph":[{"@type":"WebPage","@id":"https:\/\/sarahluck.com\/index.php\/biographie\/","url":"https:\/\/sarahluck.com\/index.php\/biographie\/","name":"Biographie - Sarah L\u00fcck","isPartOf":{"@id":"https:\/\/sarahluck.com\/#website"},"datePublished":"2020-01-30T23:18:49+00:00","dateModified":"2025-11-26T17:22:46+00:00","breadcrumb":{"@id":"https:\/\/sarahluck.com\/index.php\/biographie\/#breadcrumb"},"inLanguage":"fr-FR","potentialAction":[{"@type":"ReadAction","target":["https:\/\/sarahluck.com\/index.php\/biographie\/"]}]},{"@type":"BreadcrumbList","@id":"https:\/\/sarahluck.com\/index.php\/biographie\/#breadcrumb","itemListElement":[{"@type":"ListItem","position":1,"name":"Accueil","item":"https:\/\/sarahluck.com\/"},{"@type":"ListItem","position":2,"name":"Biographie"}]},{"@type":"WebSite","@id":"https:\/\/sarahluck.com\/#website","url":"https:\/\/sarahluck.com\/","name":"Sarah L\u00fcck","description":"Artiste","publisher":{"@id":"https:\/\/sarahluck.com\/#organization"},"potentialAction":[{"@type":"SearchAction","target":{"@type":"EntryPoint","urlTemplate":"https:\/\/sarahluck.com\/?s={search_term_string}"},"query-input":{"@type":"PropertyValueSpecification","valueRequired":true,"valueName":"search_term_string"}}],"inLanguage":"fr-FR"},{"@type":"Organization","@id":"https:\/\/sarahluck.com\/#organization","name":"Sarah L\u00fcck","url":"https:\/\/sarahluck.com\/","logo":{"@type":"ImageObject","inLanguage":"fr-FR","@id":"https:\/\/sarahluck.com\/#\/schema\/logo\/image\/","url":"http:\/\/sarahluck.com\/wp-content\/uploads\/2022\/08\/Residence-2022-119-scaled.jpg","contentUrl":"http:\/\/sarahluck.com\/wp-content\/uploads\/2022\/08\/Residence-2022-119-scaled.jpg","width":1707,"height":2560,"caption":"Sarah L\u00fcck"},"image":{"@id":"https:\/\/sarahluck.com\/#\/schema\/logo\/image\/"},"sameAs":["https:\/\/www.facebook.com\/123sarahluck\/","https:\/\/www.instagram.com\/123sarahluck\/"]}]}},"jetpack_sharing_enabled":true,"_links":{"self":[{"href":"https:\/\/sarahluck.com\/index.php\/wp-json\/wp\/v2\/pages\/99","targetHints":{"allow":["GET"]}}],"collection":[{"href":"https:\/\/sarahluck.com\/index.php\/wp-json\/wp\/v2\/pages"}],"about":[{"href":"https:\/\/sarahluck.com\/index.php\/wp-json\/wp\/v2\/types\/page"}],"author":[{"embeddable":true,"href":"https:\/\/sarahluck.com\/index.php\/wp-json\/wp\/v2\/users\/1"}],"replies":[{"embeddable":true,"href":"https:\/\/sarahluck.com\/index.php\/wp-json\/wp\/v2\/comments?post=99"}],"version-history":[{"count":23,"href":"https:\/\/sarahluck.com\/index.php\/wp-json\/wp\/v2\/pages\/99\/revisions"}],"predecessor-version":[{"id":9537,"href":"https:\/\/sarahluck.com\/index.php\/wp-json\/wp\/v2\/pages\/99\/revisions\/9537"}],"wp:attachment":[{"href":"https:\/\/sarahluck.com\/index.php\/wp-json\/wp\/v2\/media?parent=99"}],"curies":[{"name":"wp","href":"https:\/\/api.w.org\/{rel}","templated":true}]}}